{"id":3227,"date":"2023-03-28T21:50:24","date_gmt":"2023-03-28T19:50:24","guid":{"rendered":"https:\/\/photocmb.art\/?page_id=3227"},"modified":"2025-01-11T10:46:15","modified_gmt":"2025-01-11T08:46:15","slug":"galerie-architecture-interieure","status":"publish","type":"page","link":"https:\/\/photocmb.art\/ja\/galerie-architecture-interieure\/","title":{"rendered":"Galerie Architecture int\u00e9rieure"},"content":{"rendered":"\t\t<div data-elementor-type=\"wp-page\" data-elementor-id=\"3227\" class=\"elementor elementor-3227\">\n\t\t\t\t\t\t<section class=\"elementor-section elementor-top-section elementor-element elementor-element-adef6d0 elementor-section-boxed elementor-section-height-default elementor-section-height-default\" data-id=\"adef6d0\" data-element_type=\"section\" data-e-type=\"section\">\n\t\t\t\t\t\t<div class=\"elementor-container elementor-column-gap-default\">\n\t\t\t\t\t<div class=\"elementor-column elementor-col-100 elementor-top-column elementor-element elementor-element-20caaea\" data-id=\"20caaea\" data-element_type=\"column\" data-e-type=\"column\">\n\t\t\t<div class=\"elementor-widget-wrap elementor-element-populated\">\n\t\t\t\t\t\t<div class=\"elementor-element elementor-element-98e373c elementor-widget elementor-widget-image\" data-id=\"98e373c\" data-element_type=\"widget\" data-e-type=\"widget\" data-widget_type=\"image.default\">\n\t\t\t\t<div class=\"elementor-widget-container\">\n\t\t\t\t\t\t\t\t\t\t\t\t\t\t\t<img fetchpriority=\"high\" decoding=\"async\" width=\"740\" height=\"493\" src=\"https:\/\/photocmb.art\/wp-content\/uploads\/2010\/03\/RUE2012-001.jpg\" class=\"attachment-large size-large wp-image-2146\" alt=\"Paris-La De\u0301fense CNIT - RUE-Rencontres Universite\u0301s-Entreprises - Caisse des D\u00e9p\u00f4ts - Stand par Stand Azur\" srcset=\"https:\/\/photocmb.art\/wp-content\/uploads\/2010\/03\/RUE2012-001.jpg 740w, https:\/\/photocmb.art\/wp-content\/uploads\/2010\/03\/RUE2012-001-300x200.jpg 300w\" sizes=\"(max-width: 740px) 100vw, 740px\" \/>\t\t\t\t\t\t\t\t\t\t\t\t\t\t\t<\/div>\n\t\t\t\t<\/div>\n\t\t\t\t\t<\/div>\n\t\t<\/div>\n\t\t\t\t\t<\/div>\n\t\t<\/section>\n\t\t\t\t<section class=\"elementor-section elementor-top-section elementor-element elementor-element-f7f5540 elementor-section-boxed elementor-section-height-default elementor-section-height-default\" data-id=\"f7f5540\" data-element_type=\"section\" data-e-type=\"section\">\n\t\t\t\t\t\t<div class=\"elementor-container elementor-column-gap-default\">\n\t\t\t\t\t<div class=\"elementor-column elementor-col-100 elementor-top-column elementor-element elementor-element-2a1287b\" data-id=\"2a1287b\" data-element_type=\"column\" data-e-type=\"column\">\n\t\t\t<div class=\"elementor-widget-wrap elementor-element-populated\">\n\t\t\t\t\t\t<div class=\"elementor-element elementor-element-533ac25 elementor-widget elementor-widget-shortcode\" data-id=\"533ac25\" data-element_type=\"widget\" data-e-type=\"widget\" data-widget_type=\"shortcode.default\">\n\t\t\t\t<div class=\"elementor-widget-container\">\n\t\t\t\t\t\t\t<div class=\"elementor-shortcode\"><style type=\"text\/css\">\n#foogallery-gallery-3233.fg-simple_portfolio { justify-content: center; --fg-gutter: 5px; }\n#foogallery-gallery-3233.fg-simple_portfolio .fg-item { flex-basis: 270px; }<\/style>\n\t\t\t<div class=\"foogallery foogallery-container foogallery-simple_portfolio foogallery-lightbox-foobox fg-simple_portfolio fg-ready fg-dark fg-border-thin fg-shadow-outline fg-loading-default fg-loaded-fade-in fg-caption-always fg-hover-fade fg-hover-zoom fg-caption-always\" id=\"foogallery-gallery-3233\" data-foogallery=\"{&quot;item&quot;:{&quot;showCaptionTitle&quot;:true,&quot;showCaptionDescription&quot;:false},&quot;lazy&quot;:true,&quot;paging&quot;:{&quot;type&quot;:&quot;dots&quot;,&quot;size&quot;:20,&quot;position&quot;:&quot;bottom&quot;,&quot;scrollToTop&quot;:false,&quot;output&quot;:&quot;&quot;,&quot;theme&quot;:&quot;fg-light&quot;}}\" style=\"--fg-title-line-clamp: 0; --fg-description-line-clamp: 0;\" >\n\t<div class=\"fg-item fg-type-image fg-idle\"><figure class=\"fg-item-inner\"><a href=\"https:\/\/photocmb.art\/wp-content\/uploads\/2010\/03\/S8F8991.jpg\" data-caption-title=\"TFWE - Tax Free World Exhibition - Cannes - Palais des Festivals - Nina Ricci - Stand par Stand Azur\" data-attachment-id=\"2153\" class=\"foogallery-thumb fg-thumb\" data-e-disable-page-transition=\"true\" data-type=\"image\"><span class=\"fg-image-wrap\"><img decoding=\"async\" alt=\"TFWE - Tax Free World Exhibition - Cannes - Palais des Festivals - Nina Ricci - Stand par Stand Azur\" class=\"bf-img skip-lazy fg-image\" height=\"200\" width=\"270\" data-no-lazy=\"1\" data-src-fg=\"https:\/\/photocmb.art\/wp-content\/uploads\/cache\/2010\/03\/S8F8991\/991269261.jpg\" src=\"data:image\/svg+xml,%3Csvg%20xmlns%3D%22http%3A%2F%2Fwww.w3.org%2F2000%2Fsvg%22%20width%3D%22270%22%20height%3D%22200%22%20viewBox%3D%220%200%20270%20200%22%3E%3C%2Fsvg%3E\" loading=\"eager\"><\/span><span class=\"fg-image-overlay\"><\/span><\/a><figcaption class=\"fg-caption\"><div class=\"fg-caption-inner\"><div class=\"fg-caption-title\">TFWE - Tax Free World Exhibition - Cannes - Palais des Festivals - Nina Ricci - Stand par Stand Azur<\/div><\/div><\/figcaption><\/figure><div class=\"fg-loader\"><\/div><\/div><div class=\"fg-item fg-type-image fg-idle\"><figure class=\"fg-item-inner\"><a href=\"https:\/\/photocmb.art\/wp-content\/uploads\/2010\/03\/S8F3860-1.jpg\" data-caption-title=\"Vinexpo - Bordeaux Lac - Antech - Stand par Stand Azur\" data-attachment-id=\"2065\" class=\"foogallery-thumb fg-thumb\" data-e-disable-page-transition=\"true\" data-type=\"image\"><span class=\"fg-image-wrap\"><img decoding=\"async\" alt=\"Vinexpo - Bordeaux Lac - Antech - Stand par Stand Azur\" class=\"bf-img skip-lazy fg-image\" height=\"200\" width=\"270\" data-no-lazy=\"1\" data-src-fg=\"https:\/\/photocmb.art\/wp-content\/uploads\/cache\/2010\/03\/S8F3860-1\/910613053.jpg\" src=\"data:image\/svg+xml,%3Csvg%20xmlns%3D%22http%3A%2F%2Fwww.w3.org%2F2000%2Fsvg%22%20width%3D%22270%22%20height%3D%22200%22%20viewBox%3D%220%200%20270%20200%22%3E%3C%2Fsvg%3E\" loading=\"eager\"><\/span><span class=\"fg-image-overlay\"><\/span><\/a><figcaption class=\"fg-caption\"><div class=\"fg-caption-inner\"><div class=\"fg-caption-title\">Vinexpo - Bordeaux Lac - Antech - Stand par Stand Azur<\/div><\/div><\/figcaption><\/figure><div class=\"fg-loader\"><\/div><\/div><div class=\"fg-item fg-type-image fg-idle\"><figure class=\"fg-item-inner\"><a href=\"https:\/\/photocmb.art\/wp-content\/uploads\/2010\/03\/S8F8969-1.jpg\" data-caption-title=\"TFWE - Tax Free World Exhibition - Cannes - Palais des Festivals - Princesse Marina de Bourbon - Stand par EADS\" data-attachment-id=\"2156\" class=\"foogallery-thumb fg-thumb\" data-e-disable-page-transition=\"true\" data-type=\"image\"><span class=\"fg-image-wrap\"><img decoding=\"async\" alt=\"TFWE - Tax Free World Exhibition - Cannes - Palais des Festivals - Princesse Marina de Bourbon - Stand par EADS\" class=\"bf-img skip-lazy fg-image\" height=\"200\" width=\"270\" data-no-lazy=\"1\" data-src-fg=\"https:\/\/photocmb.art\/wp-content\/uploads\/cache\/2010\/03\/S8F8969-1\/3237886642.jpg\" src=\"data:image\/svg+xml,%3Csvg%20xmlns%3D%22http%3A%2F%2Fwww.w3.org%2F2000%2Fsvg%22%20width%3D%22270%22%20height%3D%22200%22%20viewBox%3D%220%200%20270%20200%22%3E%3C%2Fsvg%3E\" loading=\"eager\"><\/span><span class=\"fg-image-overlay\"><\/span><\/a><figcaption class=\"fg-caption\"><div class=\"fg-caption-inner\"><div class=\"fg-caption-title\">TFWE - Tax Free World Exhibition - Cannes - Palais des Festivals - Princesse Marina de Bourbon - Stand par EADS<\/div><\/div><\/figcaption><\/figure><div class=\"fg-loader\"><\/div><\/div><div class=\"fg-item fg-type-image fg-idle\"><figure class=\"fg-item-inner\"><a href=\"https:\/\/photocmb.art\/wp-content\/uploads\/2010\/03\/S8F3923.jpg\" data-caption-title=\"Vinexpo - Bordeaux Lac - Skalli - Stand par Stand Azur\" data-attachment-id=\"2066\" class=\"foogallery-thumb fg-thumb\" data-e-disable-page-transition=\"true\" data-type=\"image\"><span class=\"fg-image-wrap\"><img decoding=\"async\" alt=\"Vinexpo - Bordeaux Lac - Skalli - Stand par Stand Azur\" class=\"bf-img skip-lazy fg-image\" height=\"200\" width=\"270\" data-no-lazy=\"1\" data-src-fg=\"https:\/\/photocmb.art\/wp-content\/uploads\/cache\/2010\/03\/S8F3923\/3484907116.jpg\" src=\"data:image\/svg+xml,%3Csvg%20xmlns%3D%22http%3A%2F%2Fwww.w3.org%2F2000%2Fsvg%22%20width%3D%22270%22%20height%3D%22200%22%20viewBox%3D%220%200%20270%20200%22%3E%3C%2Fsvg%3E\" loading=\"eager\"><\/span><span class=\"fg-image-overlay\"><\/span><\/a><figcaption class=\"fg-caption\"><div class=\"fg-caption-inner\"><div class=\"fg-caption-title\">Vinexpo - Bordeaux Lac - Skalli - Stand par Stand Azur<\/div><\/div><\/figcaption><\/figure><div class=\"fg-loader\"><\/div><\/div><div class=\"fg-item fg-type-image fg-idle\"><figure class=\"fg-item-inner\"><a href=\"https:\/\/photocmb.art\/wp-content\/uploads\/2010\/03\/S8F0850.jpg\" data-caption-title=\"SIMI - Paris - Pte Maillot - Palais des Congr\u00e8s - Grand Lyon - Stand par Stand Azur\" data-attachment-id=\"2150\" class=\"foogallery-thumb fg-thumb\" data-e-disable-page-transition=\"true\" data-type=\"image\"><span class=\"fg-image-wrap\"><img decoding=\"async\" alt=\"SIMI - Paris - Pte Maillot - Palais des Congr\u00e8s - Grand Lyon - Stand par Stand Azur\" class=\"bf-img skip-lazy fg-image\" height=\"200\" width=\"270\" data-no-lazy=\"1\" data-src-fg=\"https:\/\/photocmb.art\/wp-content\/uploads\/cache\/2010\/03\/S8F0850\/3318678998.jpg\" src=\"data:image\/svg+xml,%3Csvg%20xmlns%3D%22http%3A%2F%2Fwww.w3.org%2F2000%2Fsvg%22%20width%3D%22270%22%20height%3D%22200%22%20viewBox%3D%220%200%20270%20200%22%3E%3C%2Fsvg%3E\" loading=\"eager\"><\/span><span class=\"fg-image-overlay\"><\/span><\/a><figcaption class=\"fg-caption\"><div class=\"fg-caption-inner\"><div class=\"fg-caption-title\">SIMI - Paris - Pte Maillot - Palais des Congr\u00e8s - Grand Lyon - Stand par Stand Azur<\/div><\/div><\/figcaption><\/figure><div class=\"fg-loader\"><\/div><\/div><div class=\"fg-item fg-type-image fg-idle\"><figure class=\"fg-item-inner\"><a href=\"https:\/\/photocmb.art\/wp-content\/uploads\/2010\/03\/S8F1267.jpg\" data-caption-title=\"Salon de l&#039;Agriculture - Paris - Porte de Versailles - R\u00e9gion PACA - Stand par Stand Azur\" data-attachment-id=\"2149\" class=\"foogallery-thumb fg-thumb\" data-e-disable-page-transition=\"true\" data-type=\"image\"><span class=\"fg-image-wrap\"><img decoding=\"async\" alt=\"Salon de l&#039;Agriculture - Paris - Porte de Versailles - R\u00e9gion PACA - Stand par Stand Azur\" class=\"bf-img skip-lazy fg-image\" height=\"200\" width=\"270\" data-no-lazy=\"1\" data-src-fg=\"https:\/\/photocmb.art\/wp-content\/uploads\/cache\/2010\/03\/S8F1267\/40826590.jpg\" src=\"data:image\/svg+xml,%3Csvg%20xmlns%3D%22http%3A%2F%2Fwww.w3.org%2F2000%2Fsvg%22%20width%3D%22270%22%20height%3D%22200%22%20viewBox%3D%220%200%20270%20200%22%3E%3C%2Fsvg%3E\" loading=\"eager\"><\/span><span class=\"fg-image-overlay\"><\/span><\/a><figcaption class=\"fg-caption\"><div class=\"fg-caption-inner\"><div class=\"fg-caption-title\">Salon de l'Agriculture - Paris - Porte de Versailles - R\u00e9gion PACA - Stand par Stand Azur<\/div><\/div><\/figcaption><\/figure><div class=\"fg-loader\"><\/div><\/div><div class=\"fg-item fg-type-image fg-idle\"><figure class=\"fg-item-inner\"><a href=\"https:\/\/photocmb.art\/wp-content\/uploads\/2010\/03\/S8F0752.jpg\" data-caption-title=\"Salon de l&#039;Agriculture - Paris - Porte de Versailles - R\u00e9gion PACA - Stand par Stand Azur\" data-attachment-id=\"2148\" class=\"foogallery-thumb fg-thumb\" data-e-disable-page-transition=\"true\" data-type=\"image\"><span class=\"fg-image-wrap\"><img decoding=\"async\" alt=\"Salon de l&#039;Agriculture - Paris - Porte de Versailles - R\u00e9gion PACA - Stand par Stand Azur\" class=\"bf-img skip-lazy fg-image\" height=\"200\" width=\"270\" data-no-lazy=\"1\" data-src-fg=\"https:\/\/photocmb.art\/wp-content\/uploads\/cache\/2010\/03\/S8F0752\/2638776738.jpg\" src=\"data:image\/svg+xml,%3Csvg%20xmlns%3D%22http%3A%2F%2Fwww.w3.org%2F2000%2Fsvg%22%20width%3D%22270%22%20height%3D%22200%22%20viewBox%3D%220%200%20270%20200%22%3E%3C%2Fsvg%3E\" loading=\"eager\"><\/span><span class=\"fg-image-overlay\"><\/span><\/a><figcaption class=\"fg-caption\"><div class=\"fg-caption-inner\"><div class=\"fg-caption-title\">Salon de l'Agriculture - Paris - Porte de Versailles - R\u00e9gion PACA - Stand par Stand Azur<\/div><\/div><\/figcaption><\/figure><div class=\"fg-loader\"><\/div><\/div><div class=\"fg-item fg-type-image fg-idle\"><figure class=\"fg-item-inner\"><a href=\"https:\/\/photocmb.art\/wp-content\/uploads\/2010\/03\/S8F3644.jpg\" data-caption-title=\"Paris-La De\u0301fense CNIT - Siec-Salon International Retail &amp;amp; Immobilier Commercial - Caisse des D\u00e9p\u00f4ts - Stand par Stand Azur\" data-attachment-id=\"2147\" class=\"foogallery-thumb fg-thumb\" data-e-disable-page-transition=\"true\" data-type=\"image\"><span class=\"fg-image-wrap\"><img decoding=\"async\" alt=\"Paris-La De\u0301fense CNIT - Siec-Salon International Retail &amp; Immobilier Commercial - Caisse des D\u00e9p\u00f4ts - Stand par Stand Azur\" class=\"bf-img skip-lazy fg-image\" height=\"200\" width=\"270\" data-no-lazy=\"1\" data-src-fg=\"https:\/\/photocmb.art\/wp-content\/uploads\/cache\/2010\/03\/S8F3644\/3552430232.jpg\" src=\"data:image\/svg+xml,%3Csvg%20xmlns%3D%22http%3A%2F%2Fwww.w3.org%2F2000%2Fsvg%22%20width%3D%22270%22%20height%3D%22200%22%20viewBox%3D%220%200%20270%20200%22%3E%3C%2Fsvg%3E\" loading=\"eager\"><\/span><span class=\"fg-image-overlay\"><\/span><\/a><figcaption class=\"fg-caption\"><div class=\"fg-caption-inner\"><div class=\"fg-caption-title\">Paris-La De\u0301fense CNIT - Siec-Salon International Retail &amp; Immobilier Commercial - Caisse des D\u00e9p\u00f4ts - Stand par Stand Azur<\/div><\/div><\/figcaption><\/figure><div class=\"fg-loader\"><\/div><\/div><div class=\"fg-item fg-type-image fg-idle\"><figure class=\"fg-item-inner\"><a href=\"https:\/\/photocmb.art\/wp-content\/uploads\/2010\/03\/RUE2012-001.jpg\" data-caption-title=\"Paris-La De\u0301fense CNIT - RUE-Rencontres Universite\u0301s-Entreprises - Caisse des D\u00e9p\u00f4ts - Stand par Stand Azur\" data-attachment-id=\"2146\" class=\"foogallery-thumb fg-thumb\" data-e-disable-page-transition=\"true\" data-type=\"image\"><span class=\"fg-image-wrap\"><img decoding=\"async\" alt=\"Paris-La De\u0301fense CNIT - RUE-Rencontres Universite\u0301s-Entreprises - Caisse des D\u00e9p\u00f4ts - Stand par Stand Azur\" class=\"bf-img skip-lazy fg-image\" height=\"200\" width=\"270\" data-no-lazy=\"1\" data-src-fg=\"https:\/\/photocmb.art\/wp-content\/uploads\/cache\/2010\/03\/RUE2012-001\/2474631765.jpg\" src=\"data:image\/svg+xml,%3Csvg%20xmlns%3D%22http%3A%2F%2Fwww.w3.org%2F2000%2Fsvg%22%20width%3D%22270%22%20height%3D%22200%22%20viewBox%3D%220%200%20270%20200%22%3E%3C%2Fsvg%3E\" loading=\"eager\"><\/span><span class=\"fg-image-overlay\"><\/span><\/a><figcaption class=\"fg-caption\"><div class=\"fg-caption-inner\"><div class=\"fg-caption-title\">Paris-La De\u0301fense CNIT - RUE-Rencontres Universite\u0301s-Entreprises - Caisse des D\u00e9p\u00f4ts - Stand par Stand Azur<\/div><\/div><\/figcaption><\/figure><div class=\"fg-loader\"><\/div><\/div><div class=\"fg-item fg-type-image fg-idle\"><figure class=\"fg-item-inner\"><a href=\"https:\/\/photocmb.art\/wp-content\/uploads\/2010\/03\/VS8F0514.jpg\" data-caption-title=\"Grand Palais - Paris - Salon des Antiquaires - Harry Winston - Stand par Eurofiere\" data-attachment-id=\"2145\" class=\"foogallery-thumb fg-thumb\" data-e-disable-page-transition=\"true\" data-type=\"image\"><span class=\"fg-image-wrap\"><img decoding=\"async\" alt=\"Grand Palais - Paris - Salon des Antiquaires - Harry Winston - Stand par Eurofiere\" class=\"bf-img skip-lazy fg-image\" height=\"200\" width=\"270\" data-no-lazy=\"1\" data-src-fg=\"https:\/\/photocmb.art\/wp-content\/uploads\/cache\/2010\/03\/VS8F0514\/2531564006.jpg\" src=\"data:image\/svg+xml,%3Csvg%20xmlns%3D%22http%3A%2F%2Fwww.w3.org%2F2000%2Fsvg%22%20width%3D%22270%22%20height%3D%22200%22%20viewBox%3D%220%200%20270%20200%22%3E%3C%2Fsvg%3E\" loading=\"eager\"><\/span><span class=\"fg-image-overlay\"><\/span><\/a><figcaption class=\"fg-caption\"><div class=\"fg-caption-inner\"><div class=\"fg-caption-title\">Grand Palais - Paris - Salon des Antiquaires - Harry Winston - Stand par Eurofiere<\/div><\/div><\/figcaption><\/figure><div class=\"fg-loader\"><\/div><\/div><div class=\"fg-item fg-type-image fg-idle\"><figure class=\"fg-item-inner\"><a href=\"https:\/\/photocmb.art\/wp-content\/uploads\/2010\/03\/S8F3180.jpg\" data-caption-title=\"Nice Expos - Tissue World - Nalco - Stand par EADS\" data-attachment-id=\"2144\" class=\"foogallery-thumb fg-thumb\" data-e-disable-page-transition=\"true\" data-type=\"image\"><span class=\"fg-image-wrap\"><img decoding=\"async\" alt=\"Nice Expos - Tissue World - Nalco - Stand par EADS\" class=\"bf-img skip-lazy fg-image\" height=\"200\" width=\"270\" data-no-lazy=\"1\" data-src-fg=\"https:\/\/photocmb.art\/wp-content\/uploads\/cache\/2010\/03\/S8F3180\/3529163685.jpg\" src=\"data:image\/svg+xml,%3Csvg%20xmlns%3D%22http%3A%2F%2Fwww.w3.org%2F2000%2Fsvg%22%20width%3D%22270%22%20height%3D%22200%22%20viewBox%3D%220%200%20270%20200%22%3E%3C%2Fsvg%3E\" loading=\"eager\"><\/span><span class=\"fg-image-overlay\"><\/span><\/a><figcaption class=\"fg-caption\"><div class=\"fg-caption-inner\"><div class=\"fg-caption-title\">Nice Expos - Tissue World - Nalco - Stand par EADS<\/div><\/div><\/figcaption><\/figure><div class=\"fg-loader\"><\/div><\/div><div class=\"fg-item fg-type-image fg-idle\"><figure class=\"fg-item-inner\"><a href=\"https:\/\/photocmb.art\/wp-content\/uploads\/2010\/03\/FoireNice2016\u2022PACA004.jpg\" data-caption-title=\"Nice Expos - Foire de Nice - R\u00e9gion PACA - Stand par La Sph\u00e8re\" data-attachment-id=\"2143\" class=\"foogallery-thumb fg-thumb\" data-e-disable-page-transition=\"true\" data-type=\"image\"><span class=\"fg-image-wrap\"><img decoding=\"async\" alt=\"Nice Expos - Foire de Nice - R\u00e9gion PACA - Stand par La Sph\u00e8re\" class=\"bf-img skip-lazy fg-image\" height=\"200\" width=\"270\" data-no-lazy=\"1\" data-src-fg=\"https:\/\/photocmb.art\/wp-content\/uploads\/cache\/2010\/03\/FoireNice2016\u2022PACA004\/1006441677.jpg\" src=\"data:image\/svg+xml,%3Csvg%20xmlns%3D%22http%3A%2F%2Fwww.w3.org%2F2000%2Fsvg%22%20width%3D%22270%22%20height%3D%22200%22%20viewBox%3D%220%200%20270%20200%22%3E%3C%2Fsvg%3E\" loading=\"eager\"><\/span><span class=\"fg-image-overlay\"><\/span><\/a><figcaption class=\"fg-caption\"><div class=\"fg-caption-inner\"><div class=\"fg-caption-title\">Nice Expos - Foire de Nice - R\u00e9gion PACA - Stand par La Sph\u00e8re<\/div><\/div><\/figcaption><\/figure><div class=\"fg-loader\"><\/div><\/div><div class=\"fg-item fg-type-image fg-idle\"><figure class=\"fg-item-inner\"><a href=\"https:\/\/photocmb.art\/wp-content\/uploads\/2010\/03\/FoireNice2013-006.jpg\" data-caption-title=\"Nice Expos - Foire de Nice - R\u00e9gion PACA - Stand par La Sph\u00e8re\" data-attachment-id=\"2142\" class=\"foogallery-thumb fg-thumb\" data-e-disable-page-transition=\"true\" data-type=\"image\"><span class=\"fg-image-wrap\"><img decoding=\"async\" alt=\"Nice Expos - Foire de Nice - R\u00e9gion PACA - Stand par La Sph\u00e8re\" class=\"bf-img skip-lazy fg-image\" height=\"200\" width=\"270\" data-no-lazy=\"1\" data-src-fg=\"https:\/\/photocmb.art\/wp-content\/uploads\/cache\/2010\/03\/FoireNice2013-006\/3499779129.jpg\" src=\"data:image\/svg+xml,%3Csvg%20xmlns%3D%22http%3A%2F%2Fwww.w3.org%2F2000%2Fsvg%22%20width%3D%22270%22%20height%3D%22200%22%20viewBox%3D%220%200%20270%20200%22%3E%3C%2Fsvg%3E\" loading=\"eager\"><\/span><span class=\"fg-image-overlay\"><\/span><\/a><figcaption class=\"fg-caption\"><div class=\"fg-caption-inner\"><div class=\"fg-caption-title\">Nice Expos - Foire de Nice - R\u00e9gion PACA - Stand par La Sph\u00e8re<\/div><\/div><\/figcaption><\/figure><div class=\"fg-loader\"><\/div><\/div><div class=\"fg-item fg-type-image fg-idle\"><figure class=\"fg-item-inner\"><a href=\"https:\/\/photocmb.art\/wp-content\/uploads\/2010\/03\/263-6378.jpg\" data-caption-title=\"Nice Expos - Foire de Nice - Ville de Nice - Stand par Stand Azur\" data-attachment-id=\"2140\" class=\"foogallery-thumb fg-thumb\" data-e-disable-page-transition=\"true\" data-type=\"image\"><span class=\"fg-image-wrap\"><img decoding=\"async\" alt=\"Nice Expos - Foire de Nice - Ville de Nice - Stand par Stand Azur\" class=\"bf-img skip-lazy fg-image\" height=\"200\" width=\"270\" data-no-lazy=\"1\" data-src-fg=\"https:\/\/photocmb.art\/wp-content\/uploads\/cache\/2010\/03\/263-6378\/1917446251.jpg\" src=\"data:image\/svg+xml,%3Csvg%20xmlns%3D%22http%3A%2F%2Fwww.w3.org%2F2000%2Fsvg%22%20width%3D%22270%22%20height%3D%22200%22%20viewBox%3D%220%200%20270%20200%22%3E%3C%2Fsvg%3E\" loading=\"eager\"><\/span><span class=\"fg-image-overlay\"><\/span><\/a><figcaption class=\"fg-caption\"><div class=\"fg-caption-inner\"><div class=\"fg-caption-title\">Nice Expos - Foire de Nice - Ville de Nice - Stand par Stand Azur<\/div><\/div><\/figcaption><\/figure><div class=\"fg-loader\"><\/div><\/div><div class=\"fg-item fg-type-image fg-idle\"><figure class=\"fg-item-inner\"><a href=\"https:\/\/photocmb.art\/wp-content\/uploads\/2010\/03\/S8F8445.jpg\" data-caption-title=\"Nice Expos - Autocar Expo - Mercedes-SETRA - Stand par Vertigo Design\" data-attachment-id=\"2139\" class=\"foogallery-thumb fg-thumb\" data-e-disable-page-transition=\"true\" data-type=\"image\"><span class=\"fg-image-wrap\"><img decoding=\"async\" alt=\"Nice Expos - Autocar Expo - Mercedes-SETRA - Stand par Vertigo Design\" class=\"bf-img skip-lazy fg-image\" height=\"200\" width=\"270\" data-no-lazy=\"1\" data-src-fg=\"https:\/\/photocmb.art\/wp-content\/uploads\/cache\/2010\/03\/S8F8445\/1737788632.jpg\" src=\"data:image\/svg+xml,%3Csvg%20xmlns%3D%22http%3A%2F%2Fwww.w3.org%2F2000%2Fsvg%22%20width%3D%22270%22%20height%3D%22200%22%20viewBox%3D%220%200%20270%20200%22%3E%3C%2Fsvg%3E\" loading=\"eager\"><\/span><span class=\"fg-image-overlay\"><\/span><\/a><figcaption class=\"fg-caption\"><div class=\"fg-caption-inner\"><div class=\"fg-caption-title\">Nice Expos - Autocar Expo - Mercedes-SETRA - Stand par Vertigo Design<\/div><\/div><\/figcaption><\/figure><div class=\"fg-loader\"><\/div><\/div><div class=\"fg-item fg-type-image fg-idle\"><figure class=\"fg-item-inner\"><a href=\"https:\/\/photocmb.art\/wp-content\/uploads\/2010\/03\/S8F9469.jpg\" data-caption-title=\"Nice Acropolis - EUROGIN - Greiner bio-one - Stand par Stand Azur\" data-attachment-id=\"2138\" class=\"foogallery-thumb fg-thumb\" data-e-disable-page-transition=\"true\" data-type=\"image\"><span class=\"fg-image-wrap\"><img decoding=\"async\" alt=\"Nice Acropolis - EUROGIN - Greiner bio-one - Stand par Stand Azur\" class=\"bf-img skip-lazy fg-image\" height=\"200\" width=\"270\" data-no-lazy=\"1\" data-src-fg=\"https:\/\/photocmb.art\/wp-content\/uploads\/cache\/2010\/03\/S8F9469\/380581768.jpg\" src=\"data:image\/svg+xml,%3Csvg%20xmlns%3D%22http%3A%2F%2Fwww.w3.org%2F2000%2Fsvg%22%20width%3D%22270%22%20height%3D%22200%22%20viewBox%3D%220%200%20270%20200%22%3E%3C%2Fsvg%3E\" loading=\"eager\"><\/span><span class=\"fg-image-overlay\"><\/span><\/a><figcaption class=\"fg-caption\"><div class=\"fg-caption-inner\"><div class=\"fg-caption-title\">Nice Acropolis - EUROGIN - Greiner bio-one - Stand par Stand Azur<\/div><\/div><\/figcaption><\/figure><div class=\"fg-loader\"><\/div><\/div><div class=\"fg-item fg-type-image fg-idle\"><figure class=\"fg-item-inner\"><a href=\"https:\/\/photocmb.art\/wp-content\/uploads\/2010\/03\/VS8F8859.jpg\" data-caption-title=\"Nice Acropolis - DATE-Design, Automation &amp;amp; Test in Europe - Mentor Graphics - Stand par Stand Azur\" data-attachment-id=\"2137\" class=\"foogallery-thumb fg-thumb\" data-e-disable-page-transition=\"true\" data-type=\"image\"><span class=\"fg-image-wrap\"><img decoding=\"async\" alt=\"Nice Acropolis - DATE-Design, Automation &amp; Test in Europe - Mentor Graphics - Stand par Stand Azur\" class=\"bf-img skip-lazy fg-image\" height=\"200\" width=\"270\" data-no-lazy=\"1\" data-src-fg=\"https:\/\/photocmb.art\/wp-content\/uploads\/cache\/2010\/03\/VS8F8859\/2379606778.jpg\" src=\"data:image\/svg+xml,%3Csvg%20xmlns%3D%22http%3A%2F%2Fwww.w3.org%2F2000%2Fsvg%22%20width%3D%22270%22%20height%3D%22200%22%20viewBox%3D%220%200%20270%20200%22%3E%3C%2Fsvg%3E\" loading=\"eager\"><\/span><span class=\"fg-image-overlay\"><\/span><\/a><figcaption class=\"fg-caption\"><div class=\"fg-caption-inner\"><div class=\"fg-caption-title\">Nice Acropolis - DATE-Design, Automation &amp; Test in Europe - Mentor Graphics - Stand par Stand Azur<\/div><\/div><\/figcaption><\/figure><div class=\"fg-loader\"><\/div><\/div><div class=\"fg-item fg-type-image fg-idle\"><figure class=\"fg-item-inner\"><a href=\"https:\/\/photocmb.art\/wp-content\/uploads\/2010\/03\/VS8F7605.jpg\" data-caption-title=\"Monaco - Grimaldi Forum - SPA MC - Stand par Stand Azur\" data-attachment-id=\"2136\" class=\"foogallery-thumb fg-thumb\" data-e-disable-page-transition=\"true\" data-type=\"image\"><span class=\"fg-image-wrap\"><img decoding=\"async\" alt=\"Monaco - Grimaldi Forum - SPA MC - Stand par Stand Azur\" class=\"bf-img skip-lazy fg-image\" height=\"200\" width=\"270\" data-no-lazy=\"1\" data-src-fg=\"https:\/\/photocmb.art\/wp-content\/uploads\/cache\/2010\/03\/VS8F7605\/262306694.jpg\" src=\"data:image\/svg+xml,%3Csvg%20xmlns%3D%22http%3A%2F%2Fwww.w3.org%2F2000%2Fsvg%22%20width%3D%22270%22%20height%3D%22200%22%20viewBox%3D%220%200%20270%20200%22%3E%3C%2Fsvg%3E\" loading=\"eager\"><\/span><span class=\"fg-image-overlay\"><\/span><\/a><figcaption class=\"fg-caption\"><div class=\"fg-caption-inner\"><div class=\"fg-caption-title\">Monaco - Grimaldi Forum - SPA MC - Stand par Stand Azur<\/div><\/div><\/figcaption><\/figure><div class=\"fg-loader\"><\/div><\/div><div class=\"fg-item fg-type-image fg-idle\"><figure class=\"fg-item-inner\"><a href=\"https:\/\/photocmb.art\/wp-content\/uploads\/2010\/03\/S8F0237.jpg\" data-caption-title=\"Monaco - Grimaldi Forum - SPA MC - Stand par Stand Azur\" data-attachment-id=\"2135\" class=\"foogallery-thumb fg-thumb\" data-e-disable-page-transition=\"true\" data-type=\"image\"><span class=\"fg-image-wrap\"><img decoding=\"async\" alt=\"Monaco - Grimaldi Forum - SPA MC - Stand par Stand Azur\" class=\"bf-img skip-lazy fg-image\" height=\"200\" width=\"270\" data-no-lazy=\"1\" data-src-fg=\"https:\/\/photocmb.art\/wp-content\/uploads\/cache\/2010\/03\/S8F0237\/2659830533.jpg\" src=\"data:image\/svg+xml,%3Csvg%20xmlns%3D%22http%3A%2F%2Fwww.w3.org%2F2000%2Fsvg%22%20width%3D%22270%22%20height%3D%22200%22%20viewBox%3D%220%200%20270%20200%22%3E%3C%2Fsvg%3E\" loading=\"eager\"><\/span><span class=\"fg-image-overlay\"><\/span><\/a><figcaption class=\"fg-caption\"><div class=\"fg-caption-inner\"><div class=\"fg-caption-title\">Monaco - Grimaldi Forum - SPA MC - Stand par Stand Azur<\/div><\/div><\/figcaption><\/figure><div class=\"fg-loader\"><\/div><\/div><div class=\"fg-item fg-type-image fg-idle\"><figure class=\"fg-item-inner\"><a href=\"https:\/\/photocmb.art\/wp-content\/uploads\/2010\/03\/S8F3314.jpg\" data-caption-title=\"Foire de Lyon - Eurexpo - Grand Lyon - Stand par Stand Azur\" data-attachment-id=\"2125\" class=\"foogallery-thumb fg-thumb\" data-e-disable-page-transition=\"true\" data-type=\"image\"><span class=\"fg-image-wrap\"><img decoding=\"async\" alt=\"Foire de Lyon - Eurexpo - Grand Lyon - Stand par Stand Azur\" class=\"bf-img skip-lazy fg-image\" height=\"200\" width=\"270\" data-no-lazy=\"1\" data-src-fg=\"https:\/\/photocmb.art\/wp-content\/uploads\/cache\/2010\/03\/S8F3314\/1521413206.jpg\" src=\"data:image\/svg+xml,%3Csvg%20xmlns%3D%22http%3A%2F%2Fwww.w3.org%2F2000%2Fsvg%22%20width%3D%22270%22%20height%3D%22200%22%20viewBox%3D%220%200%20270%20200%22%3E%3C%2Fsvg%3E\" loading=\"eager\"><\/span><span class=\"fg-image-overlay\"><\/span><\/a><figcaption class=\"fg-caption\"><div class=\"fg-caption-inner\"><div class=\"fg-caption-title\">Foire de Lyon - Eurexpo - Grand Lyon - Stand par Stand Azur<\/div><\/div><\/figcaption><\/figure><div class=\"fg-loader\"><\/div><\/div><\/div><nav id=\"foogallery-gallery-3233_paging-bottom\" class=\"fg-paging-container fg-ph-dots\"><\/nav><script type=\"text\/javascript\">  window[\"foogallery-gallery-3233_items\"] = [{\"href\":\"https:\/\/photocmb.art\/wp-content\/uploads\/2010\/03\/S8F9712.jpg\",\"type\":\"image\",\"src\":\"https:\/\/photocmb.art\/wp-content\/uploads\/cache\/2010\/03\/S8F9712\/4139839621.jpg\",\"width\":270,\"height\":200,\"alt\":\"Pollutec - Lyon - Eurexpo - ressor - Stand par Stand Azur\",\"id\":2126,\"title\":\"Pollutec - Lyon - Eurexpo - ressor - Stand par Stand Azur\",\"caption\":\"Pollutec - Lyon - Eurexpo - ressor - Stand par Stand Azur\",\"attr\":{\"anchor\":{\"data-caption-title\":\"Pollutec - Lyon - Eurexpo - ressor - Stand par Stand Azur\",\"data-attachment-id\":2126,\"class\":\"foogallery-thumb fg-thumb\",\"data-e-disable-page-transition\":\"true\"}}}, {\"href\":\"https:\/\/photocmb.art\/wp-content\/uploads\/2010\/03\/VS8F4733.jpg\",\"type\":\"image\",\"src\":\"https:\/\/photocmb.art\/wp-content\/uploads\/cache\/2010\/03\/VS8F4733\/3989864531.jpg\",\"width\":270,\"height\":200,\"alt\":\"Pollutec - Lyon - Eurexpo - R\u00e9gion PACA - Stand par Stand Azur\",\"id\":2127,\"title\":\"Pollutec - Lyon - Eurexpo - R\u00e9gion PACA - Stand par Stand Azur\",\"caption\":\"Pollutec - Lyon - Eurexpo - R\u00e9gion PACA - Stand par Stand Azur\",\"attr\":{\"anchor\":{\"data-caption-title\":\"Pollutec - Lyon - Eurexpo - R\u00e9gion PACA - Stand par Stand Azur\",\"data-attachment-id\":2127,\"class\":\"foogallery-thumb fg-thumb\",\"data-e-disable-page-transition\":\"true\"}}}, {\"href\":\"https:\/\/photocmb.art\/wp-content\/uploads\/2010\/03\/VS8F4715.jpg\",\"type\":\"image\",\"src\":\"https:\/\/photocmb.art\/wp-content\/uploads\/cache\/2010\/03\/VS8F4715\/3921908261.jpg\",\"width\":270,\"height\":200,\"alt\":\"Pollutec - Lyon - Eurexpo - Agences de l'Eau - Stand par Stand Azur\",\"id\":2128,\"title\":\"Pollutec - Lyon - Eurexpo - Agences de l'Eau - Stand par Stand Azur\",\"caption\":\"Pollutec - Lyon - Eurexpo - Agences de l'Eau - Stand par Stand Azur\",\"attr\":{\"anchor\":{\"data-caption-title\":\"Pollutec - Lyon - Eurexpo - Agences de l'Eau - Stand par Stand Azur\",\"data-attachment-id\":2128,\"class\":\"foogallery-thumb fg-thumb\",\"data-e-disable-page-transition\":\"true\"}}}, {\"href\":\"https:\/\/photocmb.art\/wp-content\/uploads\/2010\/03\/S8F3811.jpg\",\"type\":\"image\",\"src\":\"https:\/\/photocmb.art\/wp-content\/uploads\/cache\/2010\/03\/S8F3811\/2183833006.jpg\",\"width\":270,\"height\":200,\"alt\":\"Lyon - Palais des Congre\u0300s - Entrepreneurs Rh\u00f4ne-Alpes - Stand par Stand Azur\",\"id\":2129,\"title\":\"Lyon - Palais des Congre\u0300s - Entrepreneurs Rh\u00f4ne-Alpes - Stand par Stand Azur\",\"caption\":\"Lyon - Palais des Congre\u0300s - Entrepreneurs Rh\u00f4ne-Alpes - Stand par Stand Azur\",\"attr\":{\"anchor\":{\"data-caption-title\":\"Lyon - Palais des Congre\u0300s - Entrepreneurs Rh\u00f4ne-Alpes - Stand par Stand Azur\",\"data-attachment-id\":2129,\"class\":\"foogallery-thumb fg-thumb\",\"data-e-disable-page-transition\":\"true\"}}}, {\"href\":\"https:\/\/photocmb.art\/wp-content\/uploads\/2010\/03\/S8F8204.jpg\",\"type\":\"image\",\"src\":\"https:\/\/photocmb.art\/wp-content\/uploads\/cache\/2010\/03\/S8F8204\/3421970905.jpg\",\"width\":270,\"height\":200,\"alt\":\"Lyon - Palais des Congre\u0300s - Salon du De\u0301veloppement Local - Stand par Stand Azur\",\"id\":2130,\"title\":\"Lyon - Palais des Congre\u0300s - Salon du De\u0301veloppement Local - Stand par Stand Azur\",\"caption\":\"Lyon - Palais des Congre\u0300s - Salon du De\u0301veloppement Local - Stand par Stand Azur\",\"attr\":{\"anchor\":{\"data-caption-title\":\"Lyon - Palais des Congre\u0300s - Salon du De\u0301veloppement Local - Stand par Stand Azur\",\"data-attachment-id\":2130,\"class\":\"foogallery-thumb fg-thumb\",\"data-e-disable-page-transition\":\"true\"}}}, {\"href\":\"https:\/\/photocmb.art\/wp-content\/uploads\/2010\/03\/S8F6196.jpg\",\"type\":\"image\",\"src\":\"https:\/\/photocmb.art\/wp-content\/uploads\/cache\/2010\/03\/S8F6196\/1440504227.jpg\",\"width\":270,\"height\":200,\"alt\":\"Foire de Marseille - Parc Chanot - R\u00e9gion PACA - Stand par Stand Azur\",\"id\":2131,\"title\":\"Foire de Marseille - Parc Chanot - R\u00e9gion PACA - Stand par Stand Azur\",\"caption\":\"Foire de Marseille - Parc Chanot - R\u00e9gion PACA - Stand par Stand Azur\",\"attr\":{\"anchor\":{\"data-caption-title\":\"Foire de Marseille - Parc Chanot - R\u00e9gion PACA - Stand par Stand Azur\",\"data-attachment-id\":2131,\"class\":\"foogallery-thumb fg-thumb\",\"data-e-disable-page-transition\":\"true\"}}}, {\"href\":\"https:\/\/photocmb.art\/wp-content\/uploads\/2010\/03\/S8F3124.jpg\",\"type\":\"image\",\"src\":\"https:\/\/photocmb.art\/wp-content\/uploads\/cache\/2010\/03\/S8F3124\/1706983915.jpg\",\"width\":270,\"height\":200,\"alt\":\"Monaco - Grimaldi Forum - AMWC - Perfectha - Stand par IDD\",\"id\":2132,\"title\":\"Monaco - Grimaldi Forum - AMWC - Perfectha - Stand par IDD\",\"caption\":\"Monaco - Grimaldi Forum - AMWC - Perfectha - Stand par IDD\",\"attr\":{\"anchor\":{\"data-caption-title\":\"Monaco - Grimaldi Forum - AMWC - Perfectha - Stand par IDD\",\"data-attachment-id\":2132,\"class\":\"foogallery-thumb fg-thumb\",\"data-e-disable-page-transition\":\"true\"}}}, {\"href\":\"https:\/\/photocmb.art\/wp-content\/uploads\/2010\/03\/Luxe-Pack2011-001.jpg\",\"type\":\"image\",\"src\":\"https:\/\/photocmb.art\/wp-content\/uploads\/cache\/2010\/03\/Luxe-Pack2011-001\/3553309821.jpg\",\"width\":270,\"height\":200,\"alt\":\"Monaco - Grimaldi Forum - Luxe Pack - Stand par Stand Azur\",\"id\":2133,\"title\":\"Monaco - Grimaldi Forum - Luxe Pack - Stand par Stand Azur\",\"caption\":\"Monaco - Grimaldi Forum - Luxe Pack - Stand par Stand Azur\",\"attr\":{\"anchor\":{\"data-caption-title\":\"Monaco - Grimaldi Forum - Luxe Pack - Stand par Stand Azur\",\"data-attachment-id\":2133,\"class\":\"foogallery-thumb fg-thumb\",\"data-e-disable-page-transition\":\"true\"}}}, {\"href\":\"https:\/\/photocmb.art\/wp-content\/uploads\/2010\/03\/MedPi2017\u2022004.jpg\",\"type\":\"image\",\"src\":\"https:\/\/photocmb.art\/wp-content\/uploads\/cache\/2010\/03\/MedPi2017\u2022004\/2497881818.jpg\",\"width\":270,\"height\":200,\"alt\":\"Monaco - Grimaldi Forum - MedPi - Stand par IDD\",\"id\":2134,\"title\":\"Monaco - Grimaldi Forum - MedPi - Stand par IDD\",\"caption\":\"Monaco - Grimaldi Forum - MedPi - Stand par IDD\",\"attr\":{\"anchor\":{\"data-caption-title\":\"Monaco - Grimaldi Forum - MedPi - Stand par IDD\",\"data-attachment-id\":2134,\"class\":\"foogallery-thumb fg-thumb\",\"data-e-disable-page-transition\":\"true\"}}}, {\"href\":\"https:\/\/photocmb.art\/wp-content\/uploads\/2010\/03\/TFWE2014-Lacoste06.jpg\",\"type\":\"image\",\"src\":\"https:\/\/photocmb.art\/wp-content\/uploads\/cache\/2010\/03\/TFWE2014-Lacoste06\/1803955101.jpg\",\"width\":270,\"height\":200,\"alt\":\"TFWE - Tax Free World Exhibition - Cannes - Palais des Festivals - Lacoste - Stand par ClearStyle\",\"id\":2124,\"title\":\"TFWE - Tax Free World Exhibition - Cannes - Palais des Festivals - Lacoste - Stand par ClearStyle\",\"caption\":\"TFWE - Tax Free World Exhibition - Cannes - Palais des Festivals - Lacoste - Stand par ClearStyle\",\"attr\":{\"anchor\":{\"data-caption-title\":\"TFWE - Tax Free World Exhibition - Cannes - Palais des Festivals - Lacoste - Stand par ClearStyle\",\"data-attachment-id\":2124,\"class\":\"foogallery-thumb fg-thumb\",\"data-e-disable-page-transition\":\"true\"}}}, {\"href\":\"https:\/\/photocmb.art\/wp-content\/uploads\/2010\/03\/TFWE2014-Karelia05.jpg\",\"type\":\"image\",\"src\":\"https:\/\/photocmb.art\/wp-content\/uploads\/cache\/2010\/03\/TFWE2014-Karelia05\/1539972239.jpg\",\"width\":270,\"height\":200,\"alt\":\"TFWE - Tax Free World Exhibition - Cannes - Palais des Festivals - Karelia - Stand par Karelia\",\"id\":2123,\"title\":\"TFWE - Tax Free World Exhibition - Cannes - Palais des Festivals - Karelia - Stand par Karelia\",\"caption\":\"TFWE - Tax Free World Exhibition - Cannes - Palais des Festivals - Karelia - Stand par Karelia\",\"attr\":{\"anchor\":{\"data-caption-title\":\"TFWE - Tax Free World Exhibition - Cannes - Palais des Festivals - Karelia - Stand par Karelia\",\"data-attachment-id\":2123,\"class\":\"foogallery-thumb fg-thumb\",\"data-e-disable-page-transition\":\"true\"}}}, {\"href\":\"https:\/\/photocmb.art\/wp-content\/uploads\/2010\/03\/TFWE2014-Guerlain14.jpg\",\"type\":\"image\",\"src\":\"https:\/\/photocmb.art\/wp-content\/uploads\/cache\/2010\/03\/TFWE2014-Guerlain14\/1392200668.jpg\",\"width\":270,\"height\":200,\"alt\":\"TFWE - Tax Free World Exhibition - Cannes - Palais des Festivals - Guerlain - Stand par Design & Mati\u00e8res\",\"id\":2122,\"title\":\"TFWE - Tax Free World Exhibition - Cannes - Palais des Festivals - Guerlain - Stand par Design &amp; Mati\u00e8res\",\"caption\":\"TFWE - Tax Free World Exhibition - Cannes - Palais des Festivals - Guerlain - Stand par Design &amp; Mati\u00e8res\",\"attr\":{\"anchor\":{\"data-caption-title\":\"TFWE - Tax Free World Exhibition - Cannes - Palais des Festivals - Guerlain - Stand par Design &amp; Mati\u00e8res\",\"data-attachment-id\":2122,\"class\":\"foogallery-thumb fg-thumb\",\"data-e-disable-page-transition\":\"true\"}}}, {\"href\":\"https:\/\/photocmb.art\/wp-content\/uploads\/2010\/03\/TFWE2014-Fauchon01.jpg\",\"type\":\"image\",\"src\":\"https:\/\/photocmb.art\/wp-content\/uploads\/cache\/2010\/03\/TFWE2014-Fauchon01\/739854401.jpg\",\"width\":270,\"height\":200,\"alt\":\"TFWE - Tax Free World Exhibition - Cannes - Palais des Festivals - Fauchon\",\"id\":2121,\"title\":\"TFWE - Tax Free World Exhibition - Cannes - Palais des Festivals - Fauchon\",\"caption\":\"TFWE - Tax Free World Exhibition - Cannes - Palais des Festivals - Fauchon\",\"attr\":{\"anchor\":{\"data-caption-title\":\"TFWE - Tax Free World Exhibition - Cannes - Palais des Festivals - Fauchon\",\"data-attachment-id\":2121,\"class\":\"foogallery-thumb fg-thumb\",\"data-e-disable-page-transition\":\"true\"}}}, {\"href\":\"https:\/\/photocmb.art\/wp-content\/uploads\/2010\/03\/TFWE2013-Puig001.jpg\",\"type\":\"image\",\"src\":\"https:\/\/photocmb.art\/wp-content\/uploads\/cache\/2010\/03\/TFWE2013-Puig001\/1782274483.jpg\",\"width\":270,\"height\":200,\"alt\":\"TFWE - Tax Free World Exhibition - Cannes - Palais des Festivals - Puig - Stand par Stand Azur\",\"id\":2120,\"title\":\"TFWE - Tax Free World Exhibition - Cannes - Palais des Festivals - Puig - Stand par Stand Azur\",\"caption\":\"TFWE - Tax Free World Exhibition - Cannes - Palais des Festivals - Puig - Stand par Stand Azur\",\"attr\":{\"anchor\":{\"data-caption-title\":\"TFWE - Tax Free World Exhibition - Cannes - Palais des Festivals - Puig - Stand par Stand Azur\",\"data-attachment-id\":2120,\"class\":\"foogallery-thumb fg-thumb\",\"data-e-disable-page-transition\":\"true\"}}}, {\"href\":\"https:\/\/photocmb.art\/wp-content\/uploads\/2010\/03\/TFWE2013-LOre\u0301al019.jpg\",\"type\":\"image\",\"src\":\"https:\/\/photocmb.art\/wp-content\/uploads\/cache\/2010\/03\/TFWE2013-LOre\u0301al019\/728147475.jpg\",\"width\":270,\"height\":200,\"alt\":\"TFWE - Tax Free World Exhibition - Cannes - Palais des Festivals - L'Or\u00e9al - Stand par Stand Azur\",\"id\":2119,\"title\":\"TFWE - Tax Free World Exhibition - Cannes - Palais des Festivals - L'Or\u00e9al - Stand par Stand Azur\",\"caption\":\"TFWE - Tax Free World Exhibition - Cannes - Palais des Festivals - L'Or\u00e9al - Stand par Stand Azur\",\"attr\":{\"anchor\":{\"data-caption-title\":\"TFWE - Tax Free World Exhibition - Cannes - Palais des Festivals - L'Or\u00e9al - Stand par Stand Azur\",\"data-attachment-id\":2119,\"class\":\"foogallery-thumb fg-thumb\",\"data-e-disable-page-transition\":\"true\"}}}, {\"href\":\"https:\/\/photocmb.art\/wp-content\/uploads\/2010\/03\/TFWE2013-LOre\u0301al014.jpg\",\"type\":\"image\",\"src\":\"https:\/\/photocmb.art\/wp-content\/uploads\/cache\/2010\/03\/TFWE2013-LOre\u0301al014\/908851917.jpg\",\"width\":270,\"height\":200,\"alt\":\"TFWE - Tax Free World Exhibition - Cannes - Palais des Festivals - L'Or\u00e9al - Stand par Stand Azur\",\"id\":2118,\"title\":\"TFWE - Tax Free World Exhibition - Cannes - Palais des Festivals - L'Or\u00e9al - Stand par Stand Azur\",\"caption\":\"TFWE - Tax Free World Exhibition - Cannes - Palais des Festivals - L'Or\u00e9al - Stand par Stand Azur\",\"attr\":{\"anchor\":{\"data-caption-title\":\"TFWE - Tax Free World Exhibition - Cannes - Palais des Festivals - L'Or\u00e9al - Stand par Stand Azur\",\"data-attachment-id\":2118,\"class\":\"foogallery-thumb fg-thumb\",\"data-e-disable-page-transition\":\"true\"}}}, {\"href\":\"https:\/\/photocmb.art\/wp-content\/uploads\/2010\/03\/TFWE2013-LOre\u0301al011.jpg\",\"type\":\"image\",\"src\":\"https:\/\/photocmb.art\/wp-content\/uploads\/cache\/2010\/03\/TFWE2013-LOre\u0301al011\/2998164216.jpg\",\"width\":270,\"height\":200,\"alt\":\"TFWE - Tax Free World Exhibition - Cannes - Palais des Festivals - L'Or\u00e9al - Stand par Stand Azur\",\"id\":2117,\"title\":\"TFWE - Tax Free World Exhibition - Cannes - Palais des Festivals - L'Or\u00e9al - Stand par Stand Azur\",\"caption\":\"TFWE - Tax Free World Exhibition - Cannes - Palais des Festivals - L'Or\u00e9al - Stand par Stand Azur\",\"attr\":{\"anchor\":{\"data-caption-title\":\"TFWE - Tax Free World Exhibition - Cannes - Palais des Festivals - L'Or\u00e9al - Stand par Stand Azur\",\"data-attachment-id\":2117,\"class\":\"foogallery-thumb fg-thumb\",\"data-e-disable-page-transition\":\"true\"}}}, {\"href\":\"https:\/\/photocmb.art\/wp-content\/uploads\/2010\/03\/TFWE2013-INCC003.jpg\",\"type\":\"image\",\"src\":\"https:\/\/photocmb.art\/wp-content\/uploads\/cache\/2010\/03\/TFWE2013-INCC003\/1885773130.jpg\",\"width\":270,\"height\":200,\"alt\":\"TFWE - Tax Free World Exhibition - Cannes - Palais des Festivals - INCC - Stand par Stand Azur\",\"id\":2116,\"title\":\"TFWE - Tax Free World Exhibition - Cannes - Palais des Festivals - INCC - Stand par Stand Azur\",\"caption\":\"TFWE - Tax Free World Exhibition - Cannes - Palais des Festivals - INCC - Stand par Stand Azur\",\"attr\":{\"anchor\":{\"data-caption-title\":\"TFWE - Tax Free World Exhibition - Cannes - Palais des Festivals - INCC - Stand par Stand Azur\",\"data-attachment-id\":2116,\"class\":\"foogallery-thumb fg-thumb\",\"data-e-disable-page-transition\":\"true\"}}}, {\"href\":\"https:\/\/photocmb.art\/wp-content\/uploads\/2010\/03\/TFWE2013-Guerlain016.jpg\",\"type\":\"image\",\"src\":\"https:\/\/photocmb.art\/wp-content\/uploads\/cache\/2010\/03\/TFWE2013-Guerlain016\/3821679100.jpg\",\"width\":270,\"height\":200,\"alt\":\"TFWE - Tax Free World Exhibition - Cannes - Palais des Festivals - Guerlain - Stand par Design & Mati\u00e8res\",\"id\":2115,\"title\":\"TFWE - Tax Free World Exhibition - Cannes - Palais des Festivals - Guerlain - Stand par Design &amp; Mati\u00e8res\",\"caption\":\"TFWE - Tax Free World Exhibition - Cannes - Palais des Festivals - Guerlain - Stand par Design &amp; Mati\u00e8res\",\"attr\":{\"anchor\":{\"data-caption-title\":\"TFWE - Tax Free World Exhibition - Cannes - Palais des Festivals - Guerlain - Stand par Design &amp; Mati\u00e8res\",\"data-attachment-id\":2115,\"class\":\"foogallery-thumb fg-thumb\",\"data-e-disable-page-transition\":\"true\"}}}, {\"href\":\"https:\/\/photocmb.art\/wp-content\/uploads\/2010\/03\/TFWE2013-Guerlain003.jpg\",\"type\":\"image\",\"src\":\"https:\/\/photocmb.art\/wp-content\/uploads\/cache\/2010\/03\/TFWE2013-Guerlain003\/974742228.jpg\",\"width\":270,\"height\":200,\"alt\":\"TFWE - Tax Free World Exhibition - Cannes - Palais des Festivals - Guerlain - Stand par Design & Mati\u00e8res\",\"id\":2114,\"title\":\"TFWE - Tax Free World Exhibition - Cannes - Palais des Festivals - Guerlain - Stand par Design &amp; Mati\u00e8res\",\"caption\":\"TFWE - Tax Free World Exhibition - Cannes - Palais des Festivals - Guerlain - Stand par Design &amp; Mati\u00e8res\",\"attr\":{\"anchor\":{\"data-caption-title\":\"TFWE - Tax Free World Exhibition - Cannes - Palais des Festivals - Guerlain - Stand par Design &amp; Mati\u00e8res\",\"data-attachment-id\":2114,\"class\":\"foogallery-thumb fg-thumb\",\"data-e-disable-page-transition\":\"true\"}}}, {\"href\":\"https:\/\/photocmb.art\/wp-content\/uploads\/2010\/03\/TFWE2013-DeFonbelle001.jpg\",\"type\":\"image\",\"src\":\"https:\/\/photocmb.art\/wp-content\/uploads\/cache\/2010\/03\/TFWE2013-DeFonbelle001\/2750470398.jpg\",\"width\":270,\"height\":200,\"alt\":\"TFWE - Tax Free World Exhibition - Cannes - Palais des Festivals - De Fonbelle - Stand par Stand Azur\",\"id\":2113,\"title\":\"TFWE - Tax Free World Exhibition - Cannes - Palais des Festivals - De Fonbelle - Stand par Stand Azur\",\"caption\":\"TFWE - Tax Free World Exhibition - Cannes - Palais des Festivals - De Fonbelle - Stand par Stand Azur\",\"attr\":{\"anchor\":{\"data-caption-title\":\"TFWE - Tax Free World Exhibition - Cannes - Palais des Festivals - De Fonbelle - Stand par Stand Azur\",\"data-attachment-id\":2113,\"class\":\"foogallery-thumb fg-thumb\",\"data-e-disable-page-transition\":\"true\"}}}, {\"href\":\"https:\/\/photocmb.art\/wp-content\/uploads\/2010\/03\/TFWE2012-WMK08.jpg\",\"type\":\"image\",\"src\":\"https:\/\/photocmb.art\/wp-content\/uploads\/cache\/2010\/03\/TFWE2012-WMK08\/4166937637.jpg\",\"width\":270,\"height\":200,\"alt\":\"TFWE - Tax Free World Exhibition - Cannes - Palais des Festivals - Whyte & McKay\",\"id\":2112,\"title\":\"TFWE - Tax Free World Exhibition - Cannes - Palais des Festivals - Whyte &amp; McKay\",\"caption\":\"TFWE - Tax Free World Exhibition - Cannes - Palais des Festivals - Whyte &amp; McKay\",\"attr\":{\"anchor\":{\"data-caption-title\":\"TFWE - Tax Free World Exhibition - Cannes - Palais des Festivals - Whyte &amp; McKay\",\"data-attachment-id\":2112,\"class\":\"foogallery-thumb fg-thumb\",\"data-e-disable-page-transition\":\"true\"}}}, {\"href\":\"https:\/\/photocmb.art\/wp-content\/uploads\/2010\/03\/TFWE2012-WMK03.jpg\",\"type\":\"image\",\"src\":\"https:\/\/photocmb.art\/wp-content\/uploads\/cache\/2010\/03\/TFWE2012-WMK03\/700707432.jpg\",\"width\":270,\"height\":200,\"alt\":\"TFWE - Tax Free World Exhibition - Cannes - Palais des Festivals - Whyte & McKay\",\"id\":2111,\"title\":\"TFWE - Tax Free World Exhibition - Cannes - Palais des Festivals - Whyte &amp; McKay\",\"caption\":\"TFWE - Tax Free World Exhibition - Cannes - Palais des Festivals - Whyte &amp; McKay\",\"attr\":{\"anchor\":{\"data-caption-title\":\"TFWE - Tax Free World Exhibition - Cannes - Palais des Festivals - Whyte &amp; McKay\",\"data-attachment-id\":2111,\"class\":\"foogallery-thumb fg-thumb\",\"data-e-disable-page-transition\":\"true\"}}}, {\"href\":\"https:\/\/photocmb.art\/wp-content\/uploads\/2010\/03\/TFWE2012-Loreal15.jpg\",\"type\":\"image\",\"src\":\"https:\/\/photocmb.art\/wp-content\/uploads\/cache\/2010\/03\/TFWE2012-Loreal15\/1294626433.jpg\",\"width\":270,\"height\":200,\"alt\":\"TFWE - Tax Free World Exhibition - Cannes - Palais des Festivals - L'Or\u00e9al - Stand par Stand Azur\",\"id\":2110,\"title\":\"TFWE - Tax Free World Exhibition - Cannes - Palais des Festivals - L'Or\u00e9al - Stand par Stand Azur\",\"caption\":\"TFWE - Tax Free World Exhibition - Cannes - Palais des Festivals - L'Or\u00e9al - Stand par Stand Azur\",\"attr\":{\"anchor\":{\"data-caption-title\":\"TFWE - Tax Free World Exhibition - Cannes - Palais des Festivals - L'Or\u00e9al - Stand par Stand Azur\",\"data-attachment-id\":2110,\"class\":\"foogallery-thumb fg-thumb\",\"data-e-disable-page-transition\":\"true\"}}}, {\"href\":\"https:\/\/photocmb.art\/wp-content\/uploads\/2010\/03\/TFWE2012-Loreal14.jpg\",\"type\":\"image\",\"src\":\"https:\/\/photocmb.art\/wp-content\/uploads\/cache\/2010\/03\/TFWE2012-Loreal14\/3636869326.jpg\",\"width\":270,\"height\":200,\"alt\":\"TFWE - Tax Free World Exhibition - Cannes - Palais des Festivals - L'Or\u00e9al - Stand par Stand Azur\",\"id\":2109,\"title\":\"TFWE - Tax Free World Exhibition - Cannes - Palais des Festivals - L'Or\u00e9al - Stand par Stand Azur\",\"caption\":\"TFWE - Tax Free World Exhibition - Cannes - Palais des Festivals - L'Or\u00e9al - Stand par Stand Azur\",\"attr\":{\"anchor\":{\"data-caption-title\":\"TFWE - Tax Free World Exhibition - Cannes - Palais des Festivals - L'Or\u00e9al - Stand par Stand Azur\",\"data-attachment-id\":2109,\"class\":\"foogallery-thumb fg-thumb\",\"data-e-disable-page-transition\":\"true\"}}}, {\"href\":\"https:\/\/photocmb.art\/wp-content\/uploads\/2010\/03\/TFWE2012-LAiglon02.jpg\",\"type\":\"image\",\"src\":\"https:\/\/photocmb.art\/wp-content\/uploads\/cache\/2010\/03\/TFWE2012-LAiglon02\/3644081432.jpg\",\"width\":270,\"height\":200,\"alt\":\"TFWE - Tax Free World Exhibition - Cannes - Palais des Festivals - L'Aiglon\",\"id\":2108,\"title\":\"TFWE - Tax Free World Exhibition - Cannes - Palais des Festivals - L'Aiglon\",\"caption\":\"TFWE - Tax Free World Exhibition - Cannes - Palais des Festivals - L'Aiglon\",\"attr\":{\"anchor\":{\"data-caption-title\":\"TFWE - Tax Free World Exhibition - Cannes - Palais des Festivals - L'Aiglon\",\"data-attachment-id\":2108,\"class\":\"foogallery-thumb fg-thumb\",\"data-e-disable-page-transition\":\"true\"}}}, {\"href\":\"https:\/\/photocmb.art\/wp-content\/uploads\/2010\/03\/TFWE2012-KareliaBooth04-1.jpg\",\"type\":\"image\",\"src\":\"https:\/\/photocmb.art\/wp-content\/uploads\/cache\/2010\/03\/TFWE2012-KareliaBooth04-1\/3848972201.jpg\",\"width\":270,\"height\":200,\"alt\":\"TFWE - Tax Free World Exhibition - Cannes - Palais des Festivals - Karelia - Stand par Karelia\",\"id\":2107,\"title\":\"TFWE - Tax Free World Exhibition - Cannes - Palais des Festivals - Karelia - Stand par Karelia\",\"caption\":\"TFWE - Tax Free World Exhibition - Cannes - Palais des Festivals - Karelia - Stand par Karelia\",\"attr\":{\"anchor\":{\"data-caption-title\":\"TFWE - Tax Free World Exhibition - Cannes - Palais des Festivals - Karelia - Stand par Karelia\",\"data-attachment-id\":2107,\"class\":\"foogallery-thumb fg-thumb\",\"data-e-disable-page-transition\":\"true\"}}}, {\"href\":\"https:\/\/photocmb.art\/wp-content\/uploads\/2010\/03\/TFWE2012-Interparfums03.jpg\",\"type\":\"image\",\"src\":\"https:\/\/photocmb.art\/wp-content\/uploads\/cache\/2010\/03\/TFWE2012-Interparfums03\/2980693338.jpg\",\"width\":270,\"height\":200,\"alt\":\"TFWE - Tax Free World Exhibition - Cannes - Palais des Festivals - Interparfums - Stand par EADS\",\"id\":2106,\"title\":\"TFWE - Tax Free World Exhibition - Cannes - Palais des Festivals - Interparfums - Stand par EADS\",\"caption\":\"TFWE - Tax Free World Exhibition - Cannes - Palais des Festivals - Interparfums - Stand par EADS\",\"attr\":{\"anchor\":{\"data-caption-title\":\"TFWE - Tax Free World Exhibition - Cannes - Palais des Festivals - Interparfums - Stand par EADS\",\"data-attachment-id\":2106,\"class\":\"foogallery-thumb fg-thumb\",\"data-e-disable-page-transition\":\"true\"}}}, {\"href\":\"https:\/\/photocmb.art\/wp-content\/uploads\/2010\/03\/TFWE2012-Guerlain07.jpg\",\"type\":\"image\",\"src\":\"https:\/\/photocmb.art\/wp-content\/uploads\/cache\/2010\/03\/TFWE2012-Guerlain07\/4111714434.jpg\",\"width\":270,\"height\":200,\"alt\":\"TFWE - Tax Free World Exhibition - Cannes - Palais des Festivals - Guerlain - Stand par Design & Mati\u00e8res\",\"id\":2105,\"title\":\"TFWE - Tax Free World Exhibition - Cannes - Palais des Festivals - Guerlain - Stand par Design &amp; Mati\u00e8res\",\"caption\":\"TFWE - Tax Free World Exhibition - Cannes - Palais des Festivals - Guerlain - Stand par Design &amp; Mati\u00e8res\",\"attr\":{\"anchor\":{\"data-caption-title\":\"TFWE - Tax Free World Exhibition - Cannes - Palais des Festivals - Guerlain - Stand par Design &amp; Mati\u00e8res\",\"data-attachment-id\":2105,\"class\":\"foogallery-thumb fg-thumb\",\"data-e-disable-page-transition\":\"true\"}}}, {\"href\":\"https:\/\/photocmb.art\/wp-content\/uploads\/2010\/03\/TFWE2011-077.jpg\",\"type\":\"image\",\"src\":\"https:\/\/photocmb.art\/wp-content\/uploads\/cache\/2010\/03\/TFWE2011-077\/3332984777.jpg\",\"width\":270,\"height\":200,\"alt\":\"TFWE - Tax Free World Exhibition - Cannes - Palais des Festivals - L'Or\u00e9al - Stand par Stand Azur\",\"id\":2104,\"title\":\"TFWE - Tax Free World Exhibition - Cannes - Palais des Festivals - L'Or\u00e9al - Stand par Stand Azur\",\"caption\":\"TFWE - Tax Free World Exhibition - Cannes - Palais des Festivals - L'Or\u00e9al - Stand par Stand Azur\",\"attr\":{\"anchor\":{\"data-caption-title\":\"TFWE - Tax Free World Exhibition - Cannes - Palais des Festivals - L'Or\u00e9al - Stand par Stand Azur\",\"data-attachment-id\":2104,\"class\":\"foogallery-thumb fg-thumb\",\"data-e-disable-page-transition\":\"true\"}}}, {\"href\":\"https:\/\/photocmb.art\/wp-content\/uploads\/2010\/03\/TFWE2011-051.jpg\",\"type\":\"image\",\"src\":\"https:\/\/photocmb.art\/wp-content\/uploads\/cache\/2010\/03\/TFWE2011-051\/2204186495.jpg\",\"width\":270,\"height\":200,\"alt\":\"TFWE - Tax Free World Exhibition - Cannes - Palais des Festivals - Princesse Marina de Bourbon - Stand par EADS\",\"id\":2103,\"title\":\"TFWE - Tax Free World Exhibition - Cannes - Palais des Festivals - Princesse Marina de Bourbon - Stand par EADS\",\"caption\":\"TFWE - Tax Free World Exhibition - Cannes - Palais des Festivals - Princesse Marina de Bourbon - Stand par EADS\",\"attr\":{\"anchor\":{\"data-caption-title\":\"TFWE - Tax Free World Exhibition - Cannes - Palais des Festivals - Princesse Marina de Bourbon - Stand par EADS\",\"data-attachment-id\":2103,\"class\":\"foogallery-thumb fg-thumb\",\"data-e-disable-page-transition\":\"true\"}}}, {\"href\":\"https:\/\/photocmb.art\/wp-content\/uploads\/2010\/03\/100-3285-Mount-U65B_RT16.jpg\",\"type\":\"image\",\"src\":\"https:\/\/photocmb.art\/wp-content\/uploads\/cache\/2010\/03\/100-3285-Mount-U65B_RT16\/1094430431.jpg\",\"width\":270,\"height\":200,\"alt\":\"TFWE - Tax Free World Exhibition - Cannes - Palais des Festivals - Karelia - Stand par Karelia\",\"id\":2102,\"title\":\"TFWE - Tax Free World Exhibition - Cannes - Palais des Festivals - Karelia - Stand par Karelia\",\"caption\":\"TFWE - Tax Free World Exhibition - Cannes - Palais des Festivals - Karelia - Stand par Karelia\",\"attr\":{\"anchor\":{\"data-caption-title\":\"TFWE - Tax Free World Exhibition - Cannes - Palais des Festivals - Karelia - Stand par Karelia\",\"data-attachment-id\":2102,\"class\":\"foogallery-thumb fg-thumb\",\"data-e-disable-page-transition\":\"true\"}}}, {\"href\":\"https:\/\/photocmb.art\/wp-content\/uploads\/2010\/03\/100-3097U65B_RT16.jpg\",\"type\":\"image\",\"src\":\"https:\/\/photocmb.art\/wp-content\/uploads\/cache\/2010\/03\/100-3097U65B_RT16\/496137982.jpg\",\"width\":270,\"height\":200,\"alt\":\"TFWE - Tax Free World Exhibition - Cannes - Palais des Festivals - Saint-Honor\u00e9 - Stand par Stand Azur\",\"id\":2101,\"title\":\"TFWE - Tax Free World Exhibition - Cannes - Palais des Festivals - Saint-Honor\u00e9 - Stand par Stand Azur\",\"caption\":\"TFWE - Tax Free World Exhibition - Cannes - Palais des Festivals - Saint-Honor\u00e9 - Stand par Stand Azur\",\"attr\":{\"anchor\":{\"data-caption-title\":\"TFWE - Tax Free World Exhibition - Cannes - Palais des Festivals - Saint-Honor\u00e9 - Stand par Stand Azur\",\"data-attachment-id\":2101,\"class\":\"foogallery-thumb fg-thumb\",\"data-e-disable-page-transition\":\"true\"}}}, {\"href\":\"https:\/\/photocmb.art\/wp-content\/uploads\/2010\/03\/65BU6774.jpg\",\"type\":\"image\",\"src\":\"https:\/\/photocmb.art\/wp-content\/uploads\/cache\/2010\/03\/65BU6774\/2742965032.jpg\",\"width\":270,\"height\":200,\"alt\":\"TFWE - Tax Free World Exhibition - Cannes - Palais des Festivals - Dunhill\",\"id\":2100,\"title\":\"TFWE - Tax Free World Exhibition - Cannes - Palais des Festivals - Dunhill\",\"caption\":\"TFWE - Tax Free World Exhibition - Cannes - Palais des Festivals - Dunhill\",\"attr\":{\"anchor\":{\"data-caption-title\":\"TFWE - Tax Free World Exhibition - Cannes - Palais des Festivals - Dunhill\",\"data-attachment-id\":2100,\"class\":\"foogallery-thumb fg-thumb\",\"data-e-disable-page-transition\":\"true\"}}}, {\"href\":\"https:\/\/photocmb.art\/wp-content\/uploads\/2010\/03\/65BU6725.jpg\",\"type\":\"image\",\"src\":\"https:\/\/photocmb.art\/wp-content\/uploads\/cache\/2010\/03\/65BU6725\/71276843.jpg\",\"width\":270,\"height\":200,\"alt\":\"TFWE - Tax Free World Exhibition - Cannes - Palais des Festivals - Dior\",\"id\":2099,\"title\":\"TFWE - Tax Free World Exhibition - Cannes - Palais des Festivals - Dior\",\"caption\":\"TFWE - Tax Free World Exhibition - Cannes - Palais des Festivals - Dior\",\"attr\":{\"anchor\":{\"data-caption-title\":\"TFWE - Tax Free World Exhibition - Cannes - Palais des Festivals - Dior\",\"data-attachment-id\":2099,\"class\":\"foogallery-thumb fg-thumb\",\"data-e-disable-page-transition\":\"true\"}}}, {\"href\":\"https:\/\/photocmb.art\/wp-content\/uploads\/2010\/03\/S8F9208.jpg\",\"type\":\"image\",\"src\":\"https:\/\/photocmb.art\/wp-content\/uploads\/cache\/2010\/03\/S8F9208\/1791220256.jpg\",\"width\":270,\"height\":200,\"alt\":\"TFWE - Tax Free World Exhibition - Cannes - Palais des Festivals - Interparfums - Stand par EADS\",\"id\":2098,\"title\":\"TFWE - Tax Free World Exhibition - Cannes - Palais des Festivals - Interparfums - Stand par EADS\",\"caption\":\"TFWE - Tax Free World Exhibition - Cannes - Palais des Festivals - Interparfums - Stand par EADS\",\"attr\":{\"anchor\":{\"data-caption-title\":\"TFWE - Tax Free World Exhibition - Cannes - Palais des Festivals - Interparfums - Stand par EADS\",\"data-attachment-id\":2098,\"class\":\"foogallery-thumb fg-thumb\",\"data-e-disable-page-transition\":\"true\"}}}, {\"href\":\"https:\/\/photocmb.art\/wp-content\/uploads\/2010\/03\/S8F9001.jpg\",\"type\":\"image\",\"src\":\"https:\/\/photocmb.art\/wp-content\/uploads\/cache\/2010\/03\/S8F9001\/2562212087.jpg\",\"width\":270,\"height\":200,\"alt\":\"TFWE - Tax Free World Exhibition - Cannes - Palais des Festivals - Prada - Stand par Stand Azur\",\"id\":2097,\"title\":\"TFWE - Tax Free World Exhibition - Cannes - Palais des Festivals - Prada - Stand par Stand Azur\",\"caption\":\"TFWE - Tax Free World Exhibition - Cannes - Palais des Festivals - Prada - Stand par Stand Azur\",\"attr\":{\"anchor\":{\"data-caption-title\":\"TFWE - Tax Free World Exhibition - Cannes - Palais des Festivals - Prada - Stand par Stand Azur\",\"data-attachment-id\":2097,\"class\":\"foogallery-thumb fg-thumb\",\"data-e-disable-page-transition\":\"true\"}}}, {\"href\":\"https:\/\/photocmb.art\/wp-content\/uploads\/2010\/03\/S8F8602.jpg\",\"type\":\"image\",\"src\":\"https:\/\/photocmb.art\/wp-content\/uploads\/cache\/2010\/03\/S8F8602\/323727818.jpg\",\"width\":270,\"height\":200,\"alt\":\"TFWE - Tax Free World Exhibition - Cannes - Palais des Festivals - BPI - Stand par Stand Azur\",\"id\":2096,\"title\":\"TFWE - Tax Free World Exhibition - Cannes - Palais des Festivals - BPI - Stand par Stand Azur\",\"caption\":\"TFWE - Tax Free World Exhibition - Cannes - Palais des Festivals - BPI - Stand par Stand Azur\",\"attr\":{\"anchor\":{\"data-caption-title\":\"TFWE - Tax Free World Exhibition - Cannes - Palais des Festivals - BPI - Stand par Stand Azur\",\"data-attachment-id\":2096,\"class\":\"foogallery-thumb fg-thumb\",\"data-e-disable-page-transition\":\"true\"}}}, {\"href\":\"https:\/\/photocmb.art\/wp-content\/uploads\/2010\/03\/S8F8518.jpg\",\"type\":\"image\",\"src\":\"https:\/\/photocmb.art\/wp-content\/uploads\/cache\/2010\/03\/S8F8518\/4286771176.jpg\",\"width\":270,\"height\":200,\"alt\":\"TFWE - Tax Free World Exhibition - Cannes - Palais des Festivals - Stand par Stand Azur\",\"id\":2095,\"title\":\"TFWE - Tax Free World Exhibition - Cannes - Palais des Festivals - Stand par Stand Azur\",\"caption\":\"TFWE - Tax Free World Exhibition - Cannes - Palais des Festivals - Stand par Stand Azur\",\"attr\":{\"anchor\":{\"data-caption-title\":\"TFWE - Tax Free World Exhibition - Cannes - Palais des Festivals - Stand par Stand Azur\",\"data-attachment-id\":2095,\"class\":\"foogallery-thumb fg-thumb\",\"data-e-disable-page-transition\":\"true\"}}}, {\"href\":\"https:\/\/photocmb.art\/wp-content\/uploads\/2010\/03\/S8F6857.jpg\",\"type\":\"image\",\"src\":\"https:\/\/photocmb.art\/wp-content\/uploads\/cache\/2010\/03\/S8F6857\/355095975.jpg\",\"width\":270,\"height\":200,\"alt\":\"TFWE - Tax Free World Exhibition - Cannes - Palais des Festivals - Interparfums - Stand par EADS\",\"id\":2094,\"title\":\"TFWE - Tax Free World Exhibition - Cannes - Palais des Festivals - Interparfums - Stand par EADS\",\"caption\":\"TFWE - Tax Free World Exhibition - Cannes - Palais des Festivals - Interparfums - Stand par EADS\",\"attr\":{\"anchor\":{\"data-caption-title\":\"TFWE - Tax Free World Exhibition - Cannes - Palais des Festivals - Interparfums - Stand par EADS\",\"data-attachment-id\":2094,\"class\":\"foogallery-thumb fg-thumb\",\"data-e-disable-page-transition\":\"true\"}}}, {\"href\":\"https:\/\/photocmb.art\/wp-content\/uploads\/2010\/03\/S8F6656.jpg\",\"type\":\"image\",\"src\":\"https:\/\/photocmb.art\/wp-content\/uploads\/cache\/2010\/03\/S8F6656\/3613385158.jpg\",\"width\":270,\"height\":200,\"alt\":\"TFWE - Tax Free World Exhibition - Cannes - Palais des Festivals - PUIG - Stand par Stand Azur\",\"id\":2093,\"title\":\"TFWE - Tax Free World Exhibition - Cannes - Palais des Festivals - PUIG - Stand par Stand Azur\",\"caption\":\"TFWE - Tax Free World Exhibition - Cannes - Palais des Festivals - PUIG - Stand par Stand Azur\",\"attr\":{\"anchor\":{\"data-caption-title\":\"TFWE - Tax Free World Exhibition - Cannes - Palais des Festivals - PUIG - Stand par Stand Azur\",\"data-attachment-id\":2093,\"class\":\"foogallery-thumb fg-thumb\",\"data-e-disable-page-transition\":\"true\"}}}, {\"href\":\"https:\/\/photocmb.art\/wp-content\/uploads\/2010\/03\/S8F6503-1.jpg\",\"type\":\"image\",\"src\":\"https:\/\/photocmb.art\/wp-content\/uploads\/cache\/2010\/03\/S8F6503-1\/3757255691.jpg\",\"width\":270,\"height\":200,\"alt\":\"TFWE - Tax Free World Exhibition - Cannes - Palais des Festivals - Patyka - Stand par Stand Azur\",\"id\":2092,\"title\":\"TFWE - Tax Free World Exhibition - Cannes - Palais des Festivals - Patyka - Stand par Stand Azur\",\"caption\":\"TFWE - Tax Free World Exhibition - Cannes - Palais des Festivals - Patyka - Stand par Stand Azur\",\"attr\":{\"anchor\":{\"data-caption-title\":\"TFWE - Tax Free World Exhibition - Cannes - Palais des Festivals - Patyka - Stand par Stand Azur\",\"data-attachment-id\":2092,\"class\":\"foogallery-thumb fg-thumb\",\"data-e-disable-page-transition\":\"true\"}}}, {\"href\":\"https:\/\/photocmb.art\/wp-content\/uploads\/2010\/03\/S8F6280.jpg\",\"type\":\"image\",\"src\":\"https:\/\/photocmb.art\/wp-content\/uploads\/cache\/2010\/03\/S8F6280\/2705136543.jpg\",\"width\":270,\"height\":200,\"alt\":\"TFWE - Tax Free World Exhibition - Cannes - Palais des Festivals - BPI - Stand par Stand Azur\",\"id\":2091,\"title\":\"TFWE - Tax Free World Exhibition - Cannes - Palais des Festivals - BPI - Stand par Stand Azur\",\"caption\":\"TFWE - Tax Free World Exhibition - Cannes - Palais des Festivals - BPI - Stand par Stand Azur\",\"attr\":{\"anchor\":{\"data-caption-title\":\"TFWE - Tax Free World Exhibition - Cannes - Palais des Festivals - BPI - Stand par Stand Azur\",\"data-attachment-id\":2091,\"class\":\"foogallery-thumb fg-thumb\",\"data-e-disable-page-transition\":\"true\"}}}, {\"href\":\"https:\/\/photocmb.art\/wp-content\/uploads\/2010\/03\/S8F0534-1.jpg\",\"type\":\"image\",\"src\":\"https:\/\/photocmb.art\/wp-content\/uploads\/cache\/2010\/03\/S8F0534-1\/4155835372.jpg\",\"width\":270,\"height\":200,\"alt\":\"TFWE - Tax Free World Exhibition - Cannes - Palais des Festivals - BPI - Stand par Stand Azur\",\"id\":2090,\"title\":\"TFWE - Tax Free World Exhibition - Cannes - Palais des Festivals - BPI - Stand par Stand Azur\",\"caption\":\"TFWE - Tax Free World Exhibition - Cannes - Palais des Festivals - BPI - Stand par Stand Azur\",\"attr\":{\"anchor\":{\"data-caption-title\":\"TFWE - Tax Free World Exhibition - Cannes - Palais des Festivals - BPI - Stand par Stand Azur\",\"data-attachment-id\":2090,\"class\":\"foogallery-thumb fg-thumb\",\"data-e-disable-page-transition\":\"true\"}}}, {\"href\":\"https:\/\/photocmb.art\/wp-content\/uploads\/2010\/03\/S8F0480.jpg\",\"type\":\"image\",\"src\":\"https:\/\/photocmb.art\/wp-content\/uploads\/cache\/2010\/03\/S8F0480\/2940170527.jpg\",\"width\":270,\"height\":200,\"alt\":\"TFWE - Tax Free World Exhibition - Cannes - Palais des Festivals - PUIG - Stand par Stand Azur\",\"id\":2089,\"title\":\"TFWE - Tax Free World Exhibition - Cannes - Palais des Festivals - PUIG - Stand par Stand Azur\",\"caption\":\"TFWE - Tax Free World Exhibition - Cannes - Palais des Festivals - PUIG - Stand par Stand Azur\",\"attr\":{\"anchor\":{\"data-caption-title\":\"TFWE - Tax Free World Exhibition - Cannes - Palais des Festivals - PUIG - Stand par Stand Azur\",\"data-attachment-id\":2089,\"class\":\"foogallery-thumb fg-thumb\",\"data-e-disable-page-transition\":\"true\"}}}, {\"href\":\"https:\/\/photocmb.art\/wp-content\/uploads\/2010\/03\/S8F0346.jpg\",\"type\":\"image\",\"src\":\"https:\/\/photocmb.art\/wp-content\/uploads\/cache\/2010\/03\/S8F0346\/2757020076.jpg\",\"width\":270,\"height\":200,\"alt\":\"TFWE - Tax Free World Exhibition - Cannes - Palais des Festivals - Annayake\",\"id\":2088,\"title\":\"TFWE - Tax Free World Exhibition - Cannes - Palais des Festivals - Annayake\",\"caption\":\"TFWE - Tax Free World Exhibition - Cannes - Palais des Festivals - Annayake\",\"attr\":{\"anchor\":{\"data-caption-title\":\"TFWE - Tax Free World Exhibition - Cannes - Palais des Festivals - Annayake\",\"data-attachment-id\":2088,\"class\":\"foogallery-thumb fg-thumb\",\"data-e-disable-page-transition\":\"true\"}}}, {\"href\":\"https:\/\/photocmb.art\/wp-content\/uploads\/2010\/03\/S8F0126.jpg\",\"type\":\"image\",\"src\":\"https:\/\/photocmb.art\/wp-content\/uploads\/cache\/2010\/03\/S8F0126\/981086682.jpg\",\"width\":270,\"height\":200,\"alt\":\"TFWE - Tax Free World Exhibition - Cannes - Palais des Festivals - Paco Rabanne - Stand par Stand Azur\",\"id\":2087,\"title\":\"TFWE - Tax Free World Exhibition - Cannes - Palais des Festivals - Paco Rabanne - Stand par Stand Azur\",\"caption\":\"TFWE - Tax Free World Exhibition - Cannes - Palais des Festivals - Paco Rabanne - Stand par Stand Azur\",\"attr\":{\"anchor\":{\"data-caption-title\":\"TFWE - Tax Free World Exhibition - Cannes - Palais des Festivals - Paco Rabanne - Stand par Stand Azur\",\"data-attachment-id\":2087,\"class\":\"foogallery-thumb fg-thumb\",\"data-e-disable-page-transition\":\"true\"}}}, {\"href\":\"https:\/\/photocmb.art\/wp-content\/uploads\/2010\/03\/MG_9119.jpg\",\"type\":\"image\",\"src\":\"https:\/\/photocmb.art\/wp-content\/uploads\/cache\/2010\/03\/MG_9119\/3379195743.jpg\",\"width\":270,\"height\":200,\"alt\":\"TFWE - Tax Free World Exhibition - Cannes - Palais des Festivals - Stock - Stand par Fieldwork\",\"id\":2086,\"title\":\"TFWE - Tax Free World Exhibition - Cannes - Palais des Festivals - Stock - Stand par Fieldwork\",\"caption\":\"TFWE - Tax Free World Exhibition - Cannes - Palais des Festivals - Stock - Stand par Fieldwork\",\"attr\":{\"anchor\":{\"data-caption-title\":\"TFWE - Tax Free World Exhibition - Cannes - Palais des Festivals - Stock - Stand par Fieldwork\",\"data-attachment-id\":2086,\"class\":\"foogallery-thumb fg-thumb\",\"data-e-disable-page-transition\":\"true\"}}}, {\"href\":\"https:\/\/photocmb.art\/wp-content\/uploads\/2010\/03\/VS8F7624.jpg\",\"type\":\"image\",\"src\":\"https:\/\/photocmb.art\/wp-content\/uploads\/cache\/2010\/03\/VS8F7624\/2282976084.jpg\",\"width\":270,\"height\":200,\"alt\":\"MIPIM - Cannes - Palais des Festivals - Metz M\u00e9tropole\",\"id\":2085,\"title\":\"MIPIM - Cannes - Palais des Festivals - Metz M\u00e9tropole\",\"caption\":\"MIPIM - Cannes - Palais des Festivals - Metz M\u00e9tropole\",\"attr\":{\"anchor\":{\"data-caption-title\":\"MIPIM - Cannes - Palais des Festivals - Metz M\u00e9tropole\",\"data-attachment-id\":2085,\"class\":\"foogallery-thumb fg-thumb\",\"data-e-disable-page-transition\":\"true\"}}}, {\"href\":\"https:\/\/photocmb.art\/wp-content\/uploads\/2010\/03\/S8F0998.jpg\",\"type\":\"image\",\"src\":\"https:\/\/photocmb.art\/wp-content\/uploads\/cache\/2010\/03\/S8F0998\/1060573291.jpg\",\"width\":270,\"height\":200,\"alt\":\"MIPIM - Cannes - Palais des Festivals - La D\u00e9fense - Nanterre D\u00e9veloppement\",\"id\":2084,\"title\":\"MIPIM - Cannes - Palais des Festivals - La D\u00e9fense - Nanterre D\u00e9veloppement\",\"caption\":\"MIPIM - Cannes - Palais des Festivals - La D\u00e9fense - Nanterre D\u00e9veloppement\",\"attr\":{\"anchor\":{\"data-caption-title\":\"MIPIM - Cannes - Palais des Festivals - La D\u00e9fense - Nanterre D\u00e9veloppement\",\"data-attachment-id\":2084,\"class\":\"foogallery-thumb fg-thumb\",\"data-e-disable-page-transition\":\"true\"}}}, {\"href\":\"https:\/\/photocmb.art\/wp-content\/uploads\/2010\/03\/S8F0978.jpg\",\"type\":\"image\",\"src\":\"https:\/\/photocmb.art\/wp-content\/uploads\/cache\/2010\/03\/S8F0978\/3890433973.jpg\",\"width\":270,\"height\":200,\"alt\":\"MIPIM - Cannes - Palais des Festivals - Nanterre D\u00e9veloppement\",\"id\":2083,\"title\":\"MIPIM - Cannes - Palais des Festivals - Nanterre D\u00e9veloppement\",\"caption\":\"MIPIM - Cannes - Palais des Festivals - Nanterre D\u00e9veloppement\",\"attr\":{\"anchor\":{\"data-caption-title\":\"MIPIM - Cannes - Palais des Festivals - Nanterre D\u00e9veloppement\",\"data-attachment-id\":2083,\"class\":\"foogallery-thumb fg-thumb\",\"data-e-disable-page-transition\":\"true\"}}}, {\"href\":\"https:\/\/photocmb.art\/wp-content\/uploads\/2010\/03\/S8F0922.jpg\",\"type\":\"image\",\"src\":\"https:\/\/photocmb.art\/wp-content\/uploads\/cache\/2010\/03\/S8F0922\/4116205419.jpg\",\"width\":270,\"height\":200,\"alt\":\"MIPIM - Cannes - Palais des Festivals - ARIUM - Stand par Mediastand\",\"id\":2082,\"title\":\"MIPIM - Cannes - Palais des Festivals - ARIUM - Stand par Mediastand\",\"caption\":\"MIPIM - Cannes - Palais des Festivals - ARIUM - Stand par Mediastand\",\"attr\":{\"anchor\":{\"data-caption-title\":\"MIPIM - Cannes - Palais des Festivals - ARIUM - Stand par Mediastand\",\"data-attachment-id\":2082,\"class\":\"foogallery-thumb fg-thumb\",\"data-e-disable-page-transition\":\"true\"}}}, {\"href\":\"https:\/\/photocmb.art\/wp-content\/uploads\/2010\/03\/S8F0871.jpg\",\"type\":\"image\",\"src\":\"https:\/\/photocmb.art\/wp-content\/uploads\/cache\/2010\/03\/S8F0871\/1606912851.jpg\",\"width\":270,\"height\":200,\"alt\":\"MIPIM - Cannes - Palais des Festivals - INFRACOM - Stand par EADS\",\"id\":2081,\"title\":\"MIPIM - Cannes - Palais des Festivals - INFRACOM - Stand par EADS\",\"caption\":\"MIPIM - Cannes - Palais des Festivals - INFRACOM - Stand par EADS\",\"attr\":{\"anchor\":{\"data-caption-title\":\"MIPIM - Cannes - Palais des Festivals - INFRACOM - Stand par EADS\",\"data-attachment-id\":2081,\"class\":\"foogallery-thumb fg-thumb\",\"data-e-disable-page-transition\":\"true\"}}}, {\"href\":\"https:\/\/photocmb.art\/wp-content\/uploads\/2010\/03\/MIPCOM2014-talpa-03.jpg\",\"type\":\"image\",\"src\":\"https:\/\/photocmb.art\/wp-content\/uploads\/cache\/2010\/03\/MIPCOM2014-talpa-03\/4125514191.jpg\",\"width\":270,\"height\":200,\"alt\":\"MIPCOM - Cannes - Palais des Festivals - TALPA - Stand par C2 Expo\",\"id\":2080,\"title\":\"MIPCOM - Cannes - Palais des Festivals - TALPA - Stand par C2 Expo\",\"caption\":\"MIPCOM - Cannes - Palais des Festivals - TALPA - Stand par C2 Expo\",\"attr\":{\"anchor\":{\"data-caption-title\":\"MIPCOM - Cannes - Palais des Festivals - TALPA - Stand par C2 Expo\",\"data-attachment-id\":2080,\"class\":\"foogallery-thumb fg-thumb\",\"data-e-disable-page-transition\":\"true\"}}}, {\"href\":\"https:\/\/photocmb.art\/wp-content\/uploads\/2010\/03\/MIPCOM2014-Atlantyca-04.jpg\",\"type\":\"image\",\"src\":\"https:\/\/photocmb.art\/wp-content\/uploads\/cache\/2010\/03\/MIPCOM2014-Atlantyca-04\/2680466199.jpg\",\"width\":270,\"height\":200,\"alt\":\"MIPCOM - Cannes - Palais des Festivals - Atlantyca - Stand par Nauset Beach Design\",\"id\":2079,\"title\":\"MIPCOM - Cannes - Palais des Festivals - Atlantyca - Stand par Nauset Beach Design\",\"caption\":\"MIPCOM - Cannes - Palais des Festivals - Atlantyca - Stand par Nauset Beach Design\",\"attr\":{\"anchor\":{\"data-caption-title\":\"MIPCOM - Cannes - Palais des Festivals - Atlantyca - Stand par Nauset Beach Design\",\"data-attachment-id\":2079,\"class\":\"foogallery-thumb fg-thumb\",\"data-e-disable-page-transition\":\"true\"}}}, {\"href\":\"https:\/\/photocmb.art\/wp-content\/uploads\/2010\/03\/65BU7558.jpg\",\"type\":\"image\",\"src\":\"https:\/\/photocmb.art\/wp-content\/uploads\/cache\/2010\/03\/65BU7558\/2602386378.jpg\",\"width\":270,\"height\":200,\"alt\":\"MAPIC - Cannes - Palais des Festivals - Vinci - Stand par Stand Azur\",\"id\":2078,\"title\":\"MAPIC - Cannes - Palais des Festivals - Vinci - Stand par Stand Azur\",\"caption\":\"MAPIC - Cannes - Palais des Festivals - Vinci - Stand par Stand Azur\",\"attr\":{\"anchor\":{\"data-caption-title\":\"MAPIC - Cannes - Palais des Festivals - Vinci - Stand par Stand Azur\",\"data-attachment-id\":2078,\"class\":\"foogallery-thumb fg-thumb\",\"data-e-disable-page-transition\":\"true\"}}}, {\"href\":\"https:\/\/photocmb.art\/wp-content\/uploads\/2010\/03\/MAPIC2016\u2022ArthurLoyd002.jpg\",\"type\":\"image\",\"src\":\"https:\/\/photocmb.art\/wp-content\/uploads\/cache\/2010\/03\/MAPIC2016\u2022ArthurLoyd002\/2893036921.jpg\",\"width\":270,\"height\":200,\"alt\":\"MAPIC - Cannes - Palais des Festivals - Arthur Loyd - Stand par EADS\",\"id\":2077,\"title\":\"MAPIC - Cannes - Palais des Festivals - Arthur Loyd - Stand par EADS\",\"caption\":\"MAPIC - Cannes - Palais des Festivals - Arthur Loyd - Stand par EADS\",\"attr\":{\"anchor\":{\"data-caption-title\":\"MAPIC - Cannes - Palais des Festivals - Arthur Loyd - Stand par EADS\",\"data-attachment-id\":2077,\"class\":\"foogallery-thumb fg-thumb\",\"data-e-disable-page-transition\":\"true\"}}}, {\"href\":\"https:\/\/photocmb.art\/wp-content\/uploads\/2010\/03\/MAPIC-2011-009.jpg\",\"type\":\"image\",\"src\":\"https:\/\/photocmb.art\/wp-content\/uploads\/cache\/2010\/03\/MAPIC-2011-009\/2757775863.jpg\",\"width\":270,\"height\":200,\"alt\":\"MAPIC - Cannes - Palais des Festivals - Mercialys\",\"id\":2076,\"title\":\"MAPIC - Cannes - Palais des Festivals - Mercialys\",\"caption\":\"MAPIC - Cannes - Palais des Festivals - Mercialys\",\"attr\":{\"anchor\":{\"data-caption-title\":\"MAPIC - Cannes - Palais des Festivals - Mercialys\",\"data-attachment-id\":2076,\"class\":\"foogallery-thumb fg-thumb\",\"data-e-disable-page-transition\":\"true\"}}}, {\"href\":\"https:\/\/photocmb.art\/wp-content\/uploads\/2010\/03\/65BU7672.jpg\",\"type\":\"image\",\"src\":\"https:\/\/photocmb.art\/wp-content\/uploads\/cache\/2010\/03\/65BU7672\/124450274.jpg\",\"width\":270,\"height\":200,\"alt\":\"MAPIC - Cannes - Palais des Festivals - CVL\",\"id\":2075,\"title\":\"MAPIC - Cannes - Palais des Festivals - CVL\",\"caption\":\"MAPIC - Cannes - Palais des Festivals - CVL\",\"attr\":{\"anchor\":{\"data-caption-title\":\"MAPIC - Cannes - Palais des Festivals - CVL\",\"data-attachment-id\":2075,\"class\":\"foogallery-thumb fg-thumb\",\"data-e-disable-page-transition\":\"true\"}}}, {\"href\":\"https:\/\/photocmb.art\/wp-content\/uploads\/2010\/03\/S8F0685.jpg\",\"type\":\"image\",\"src\":\"https:\/\/photocmb.art\/wp-content\/uploads\/cache\/2010\/03\/S8F0685\/2932373763.jpg\",\"width\":270,\"height\":200,\"alt\":\"MAPIC - Cannes - Palais des Festivals - SIFER - Stand par Stand Azur\",\"id\":2074,\"title\":\"MAPIC - Cannes - Palais des Festivals - SIFER - Stand par Stand Azur\",\"caption\":\"MAPIC - Cannes - Palais des Festivals - SIFER - Stand par Stand Azur\",\"attr\":{\"anchor\":{\"data-caption-title\":\"MAPIC - Cannes - Palais des Festivals - SIFER - Stand par Stand Azur\",\"data-attachment-id\":2074,\"class\":\"foogallery-thumb fg-thumb\",\"data-e-disable-page-transition\":\"true\"}}}, {\"href\":\"https:\/\/photocmb.art\/wp-content\/uploads\/2010\/03\/S8F1044.jpg\",\"type\":\"image\",\"src\":\"https:\/\/photocmb.art\/wp-content\/uploads\/cache\/2010\/03\/S8F1044\/1490067778.jpg\",\"width\":270,\"height\":200,\"alt\":\"ILTM - Cannes - Palais des Festivals - Dorchester Collection - Stand par Fieldwork\",\"id\":2073,\"title\":\"ILTM - Cannes - Palais des Festivals - Dorchester Collection - Stand par Fieldwork\",\"caption\":\"ILTM - Cannes - Palais des Festivals - Dorchester Collection - Stand par Fieldwork\",\"attr\":{\"anchor\":{\"data-caption-title\":\"ILTM - Cannes - Palais des Festivals - Dorchester Collection - Stand par Fieldwork\",\"data-attachment-id\":2073,\"class\":\"foogallery-thumb fg-thumb\",\"data-e-disable-page-transition\":\"true\"}}}, {\"href\":\"https:\/\/photocmb.art\/wp-content\/uploads\/2010\/03\/S8F1038.jpg\",\"type\":\"image\",\"src\":\"https:\/\/photocmb.art\/wp-content\/uploads\/cache\/2010\/03\/S8F1038\/2733801629.jpg\",\"width\":270,\"height\":200,\"alt\":\"ILTM - Cannes - Palais des Festivals - Dorchester Collection - Stand par Fieldwork\",\"id\":2072,\"title\":\"ILTM - Cannes - Palais des Festivals - Dorchester Collection - Stand par Fieldwork\",\"caption\":\"ILTM - Cannes - Palais des Festivals - Dorchester Collection - Stand par Fieldwork\",\"attr\":{\"anchor\":{\"data-caption-title\":\"ILTM - Cannes - Palais des Festivals - Dorchester Collection - Stand par Fieldwork\",\"data-attachment-id\":2072,\"class\":\"foogallery-thumb fg-thumb\",\"data-e-disable-page-transition\":\"true\"}}}, {\"href\":\"https:\/\/photocmb.art\/wp-content\/uploads\/2010\/03\/S8F4307.jpg\",\"type\":\"image\",\"src\":\"https:\/\/photocmb.art\/wp-content\/uploads\/cache\/2010\/03\/S8F4307\/1501189151.jpg\",\"width\":270,\"height\":200,\"alt\":\"idef - Cannes - Palais des Festivals - Ubisoft - Stand par Stand Azur\",\"id\":2071,\"title\":\"idef - Cannes - Palais des Festivals - Ubisoft - Stand par Stand Azur\",\"caption\":\"idef - Cannes - Palais des Festivals - Ubisoft - Stand par Stand Azur\",\"attr\":{\"anchor\":{\"data-caption-title\":\"idef - Cannes - Palais des Festivals - Ubisoft - Stand par Stand Azur\",\"data-attachment-id\":2071,\"class\":\"foogallery-thumb fg-thumb\",\"data-e-disable-page-transition\":\"true\"}}}, {\"href\":\"https:\/\/photocmb.art\/wp-content\/uploads\/2010\/03\/S8F8094.jpg\",\"type\":\"image\",\"src\":\"https:\/\/photocmb.art\/wp-content\/uploads\/cache\/2010\/03\/S8F8094\/1402443066.jpg\",\"width\":270,\"height\":200,\"alt\":\"H\u2019Expo - Cannes - Palais des Festivals - Sitex - Stand par Stand Azur\",\"id\":2070,\"title\":\"H\u2019Expo - Cannes - Palais des Festivals - Sitex - Stand par Stand Azur\",\"caption\":\"H\u2019Expo - Cannes - Palais des Festivals - Sitex - Stand par Stand Azur\",\"attr\":{\"anchor\":{\"data-caption-title\":\"H\u2019Expo - Cannes - Palais des Festivals - Sitex - Stand par Stand Azur\",\"data-attachment-id\":2070,\"class\":\"foogallery-thumb fg-thumb\",\"data-e-disable-page-transition\":\"true\"}}}, {\"href\":\"https:\/\/photocmb.art\/wp-content\/uploads\/2010\/03\/Vinexpo13-SAE-07.jpg\",\"type\":\"image\",\"src\":\"https:\/\/photocmb.art\/wp-content\/uploads\/cache\/2010\/03\/Vinexpo13-SAE-07\/3740063372.jpg\",\"width\":270,\"height\":200,\"alt\":\"Vinexpo - Bordeaux Lac - Boisset - Stand par Stand Azur\",\"id\":2069,\"title\":\"Vinexpo - Bordeaux Lac - Boisset - Stand par Stand Azur\",\"caption\":\"Vinexpo - Bordeaux Lac - Boisset - Stand par Stand Azur\",\"attr\":{\"anchor\":{\"data-caption-title\":\"Vinexpo - Bordeaux Lac - Boisset - Stand par Stand Azur\",\"data-attachment-id\":2069,\"class\":\"foogallery-thumb fg-thumb\",\"data-e-disable-page-transition\":\"true\"}}}, {\"href\":\"https:\/\/photocmb.art\/wp-content\/uploads\/2010\/03\/Vinexpo13-SAE-05.jpg\",\"type\":\"image\",\"src\":\"https:\/\/photocmb.art\/wp-content\/uploads\/cache\/2010\/03\/Vinexpo13-SAE-05\/4206251310.jpg\",\"width\":270,\"height\":200,\"alt\":\"Vinexpo - Bordeaux Lac - Boisset - Stand par Stand Azur\",\"id\":2068,\"title\":\"Vinexpo - Bordeaux Lac - Boisset - Stand par Stand Azur\",\"caption\":\"Vinexpo - Bordeaux Lac - Boisset - Stand par Stand Azur\",\"attr\":{\"anchor\":{\"data-caption-title\":\"Vinexpo - Bordeaux Lac - Boisset - Stand par Stand Azur\",\"data-attachment-id\":2068,\"class\":\"foogallery-thumb fg-thumb\",\"data-e-disable-page-transition\":\"true\"}}}, {\"href\":\"https:\/\/photocmb.art\/wp-content\/uploads\/2010\/03\/S8F3951-1.jpg\",\"type\":\"image\",\"src\":\"https:\/\/photocmb.art\/wp-content\/uploads\/cache\/2010\/03\/S8F3951-1\/677254703.jpg\",\"width\":270,\"height\":200,\"alt\":\"Vinexpo - Bordeaux Lac - Skalli - Stand par Stand Azur\",\"id\":2067,\"title\":\"Vinexpo - Bordeaux Lac - Skalli - Stand par Stand Azur\",\"caption\":\"Vinexpo - Bordeaux Lac - Skalli - Stand par Stand Azur\",\"attr\":{\"anchor\":{\"data-caption-title\":\"Vinexpo - Bordeaux Lac - Skalli - Stand par Stand Azur\",\"data-attachment-id\":2067,\"class\":\"foogallery-thumb fg-thumb\",\"data-e-disable-page-transition\":\"true\"}}}  ];<\/script><\/div>\n\t\t\t\t\t\t<\/div>\n\t\t\t\t<\/div>\n\t\t\t\t\t<\/div>\n\t\t<\/div>\n\t\t\t\t\t<\/div>\n\t\t<\/section>\n\t\t\t\t<section class=\"elementor-section elementor-top-section elementor-element elementor-element-684887d elementor-section-boxed elementor-section-height-default elementor-section-height-default\" data-id=\"684887d\" data-element_type=\"section\" data-e-type=\"section\">\n\t\t\t\t\t\t<div class=\"elementor-container elementor-column-gap-default\">\n\t\t\t\t\t<div class=\"elementor-column elementor-col-100 elementor-top-column elementor-element elementor-element-6d4e2ce\" data-id=\"6d4e2ce\" data-element_type=\"column\" data-e-type=\"column\" data-settings=\"{&quot;background_background&quot;:&quot;classic&quot;}\">\n\t\t\t<div class=\"elementor-widget-wrap elementor-element-populated\">\n\t\t\t\t\t\t<div class=\"elementor-element elementor-element-eaf7792 elementor-widget elementor-widget-text-editor\" data-id=\"eaf7792\" data-element_type=\"widget\" data-e-type=\"widget\" data-widget_type=\"text-editor.default\">\n\t\t\t\t<div class=\"elementor-widget-container\">\n\t\t\t\t\t\t\t\t\t<p>Prise de vue photo num\u00e9rique haute r\u00e9solution<\/p><p>ARCHITECTES \u2013 EXPOSANTS \u2013 STANDISTES<\/p>\t\t\t\t\t\t\t\t<\/div>\n\t\t\t\t<\/div>\n\t\t\t\t<div class=\"elementor-element elementor-element-45c6425 elementor-widget elementor-widget-text-editor\" data-id=\"45c6425\" data-element_type=\"widget\" data-e-type=\"widget\" data-widget_type=\"text-editor.default\">\n\t\t\t\t<div class=\"elementor-widget-container\">\n\t\t\t\t\t\t\t\t\t<p>Vous \u00eates standiste, d\u00e9corateur, concepteur, installateur de stand modulable<br \/>ou stand personnalis\u00e9, bureau d&rsquo;\u00e9tude, autre prestataire, organisateur de salon,<br \/>foire, \u00e9v\u00e9nement.<\/p><p>Sp\u00e9cialiste de la prise de vue de stand depuis 1993, je photographie<br \/>vos r\u00e9alisations en salons professionnels, partout en France et vous livre<br \/>des images en num\u00e9rique haute r\u00e9solution, retouch\u00e9es et optimis\u00e9es pour<br \/>une utilisation sur tous supports.<\/p><p>Je peux photographier la structure de votre stand mais aussi son ambiance<br \/>et son activit\u00e9 avec vos visiteurs durant l\u2019exposition, une r\u00e9ception cocktail<br \/>en soir\u00e9e, un photocall, un lancement de produit sur votre stand ou dans<br \/>les salons d\u2019un h\u00f4tel.<\/p><p>Si vous \u00eates exposant, vous pourrez aussi voir dans cette galerie, une s\u00e9lection<br \/>de stands photographi\u00e9s dans de nombreux parcs d&rsquo;expositions, en France<br \/>et m\u00eame jusqu&rsquo;\u00e0 Barcelone !<\/p><p>Pour toute demande, merci d&rsquo;utiliser le formulaire ci-dessous :\u00a0<\/p>\t\t\t\t\t\t\t\t<\/div>\n\t\t\t\t<\/div>\n\t\t\t\t\t<\/div>\n\t\t<\/div>\n\t\t\t\t\t<\/div>\n\t\t<\/section>\n\t\t\t\t<section class=\"elementor-section elementor-top-section elementor-element elementor-element-cb352d9 elementor-section-boxed elementor-section-height-default elementor-section-height-default\" data-id=\"cb352d9\" data-element_type=\"section\" data-e-type=\"section\">\n\t\t\t\t\t\t<div class=\"elementor-container elementor-column-gap-default\">\n\t\t\t\t\t<div class=\"elementor-column elementor-col-100 elementor-top-column elementor-element elementor-element-1ce94ac\" data-id=\"1ce94ac\" data-element_type=\"column\" data-e-type=\"column\">\n\t\t\t<div class=\"elementor-widget-wrap elementor-element-populated\">\n\t\t\t\t\t\t<div class=\"elementor-element elementor-element-3b146cf eael-contact-form-7-button-align-left eael-contact-form-7-button-custom elementor-widget elementor-widget-eael-contact-form-7\" data-id=\"3b146cf\" data-element_type=\"widget\" data-e-type=\"widget\" data-widget_type=\"eael-contact-form-7.default\">\n\t\t\t\t<div class=\"elementor-widget-container\">\n\t\t\t\t\t<div class=\"eael-contact-form-7-wrapper\">\n                <div class=\"eael-contact-form eael-contact-form-7 eael-contact-form-3b146cf placeholder-show eael-contact-form-align-default\">\n<div class=\"wpcf7 no-js\" id=\"wpcf7-f1235-o1\" lang=\"en-US\" dir=\"ltr\" data-wpcf7-id=\"1235\">\n<div class=\"screen-reader-response\"><p role=\"status\" aria-live=\"polite\" aria-atomic=\"true\"><\/p> <ul><\/ul><\/div>\n<form action=\"\/ja\/wp-json\/wp\/v2\/pages\/3227#wpcf7-f1235-o1\" method=\"post\" class=\"wpcf7-form init\" aria-label=\"Contact form\" novalidate=\"novalidate\" data-status=\"init\">\n<fieldset class=\"hidden-fields-container\"><input type=\"hidden\" name=\"_wpcf7\" value=\"1235\" \/><input type=\"hidden\" name=\"_wpcf7_version\" value=\"6.1.5\" \/><input type=\"hidden\" name=\"_wpcf7_locale\" value=\"en_US\" \/><input type=\"hidden\" name=\"_wpcf7_unit_tag\" value=\"wpcf7-f1235-o1\" \/><input type=\"hidden\" name=\"_wpcf7_container_post\" value=\"0\" \/><input type=\"hidden\" name=\"_wpcf7_posted_data_hash\" value=\"\" \/>\n<\/fieldset>\n<p>Votre Nom (requis)\n<\/p>\n<p><span class=\"wpcf7-form-control-wrap\" data-name=\"your-name\"><input size=\"40\" maxlength=\"400\" class=\"wpcf7-form-control wpcf7-text wpcf7-validates-as-required\" aria-required=\"true\" aria-invalid=\"false\" value=\"\" type=\"text\" name=\"your-name\" \/><\/span>\n<\/p>\n<p>Votre Email (requis)\n<\/p>\n<p><span class=\"wpcf7-form-control-wrap\" data-name=\"your-email\"><input size=\"40\" maxlength=\"400\" class=\"wpcf7-form-control wpcf7-email wpcf7-validates-as-required wpcf7-text wpcf7-validates-as-email\" aria-required=\"true\" aria-invalid=\"false\" value=\"\" type=\"email\" name=\"your-email\" \/><\/span>\n<\/p>\n<p>Votre Message\n<\/p>\n<p><span class=\"wpcf7-form-control-wrap\" data-name=\"your-message\"><textarea cols=\"40\" rows=\"10\" maxlength=\"2000\" class=\"wpcf7-form-control wpcf7-textarea\" aria-invalid=\"false\" name=\"your-message\"><\/textarea><\/span>\n<\/p>\n<p><input class=\"wpcf7-form-control wpcf7-submit has-spinner\" type=\"submit\" value=\"Envoyer\" \/>\n<\/p><p style=\"display: none !important;\" class=\"akismet-fields-container\" data-prefix=\"_wpcf7_ak_\"><label>&#916;<textarea name=\"_wpcf7_ak_hp_textarea\" cols=\"45\" rows=\"8\" maxlength=\"100\"><\/textarea><\/label><input type=\"hidden\" id=\"ak_js_1\" name=\"_wpcf7_ak_js\" value=\"225\"\/><script>\ndocument.getElementById( \"ak_js_1\" ).setAttribute( \"value\", ( new Date() ).getTime() );\n<\/script>\n<\/p><div class=\"wpcf7-response-output\" aria-hidden=\"true\"><\/div>\n<\/form>\n<\/div>\n<\/div>\n            <\/div>\t\t\t\t<\/div>\n\t\t\t\t<\/div>\n\t\t\t\t\t<\/div>\n\t\t<\/div>\n\t\t\t\t\t<\/div>\n\t\t<\/section>\n\t\t\t\t<section class=\"elementor-section elementor-top-section elementor-element elementor-element-4e725ac elementor-section-boxed elementor-section-height-default elementor-section-height-default\" data-id=\"4e725ac\" data-element_type=\"section\" data-e-type=\"section\">\n\t\t\t\t\t\t<div class=\"elementor-container elementor-column-gap-default\">\n\t\t\t\t\t<div class=\"elementor-column elementor-col-100 elementor-top-column elementor-element elementor-element-f684261\" data-id=\"f684261\" data-element_type=\"column\" data-e-type=\"column\" data-settings=\"{&quot;background_background&quot;:&quot;classic&quot;}\">\n\t\t\t<div class=\"elementor-widget-wrap elementor-element-populated\">\n\t\t\t\t\t\t<div class=\"elementor-element elementor-element-b005818 elementor-widget elementor-widget-text-editor\" data-id=\"b005818\" data-element_type=\"widget\" data-e-type=\"widget\" data-widget_type=\"text-editor.default\">\n\t\t\t\t<div class=\"elementor-widget-container\">\n\t\t\t\t\t\t\t\t\t<p>Liste des parcs d&rsquo;expositions ci-dessous :<\/p><ul><li>Barcelone &#8211; Fira de Barcelona<\/li><li>Bordeaux &#8211; Parc des Expositions de Bordeaux Lac<\/li><li>Cannes &#8211; Palais des Festivals<\/li><li>Lyon &#8211; Eurexpo<\/li><li>Lyon\u00a0 &#8211; Palais des Congr\u00e8s\u00a0<\/li><li>Marseille &#8211; Parc Chanot<\/li><li>Marseille &#8211; World Trade Center<\/li><li>Nantes &#8211; Cit\u00e9 Internationale des Congr\u00e8s<\/li><li>Nice &#8211; Acropolis<\/li><li>Nice &#8211; Palais des Expositions<\/li><li>Monte-Carlo &#8211; Fairmont Hotel<\/li><li>Monte-Carlo &#8211; Grimaldi Forum<\/li><li>Monte-Carlo &#8211; Port Hercule<\/li><li>Montpellier &#8211; Parc des Expositions<\/li><li>Paris &#8211; Le Bourget &#8211; Palais des Expositions<\/li><li>Paris &#8211; Carrousel du Louvre<\/li><li>Paris &#8211; Grand Palais<\/li><li>Paris &#8211; La D\u00e9fense &#8211; CNIT<\/li><li>Paris Nord-Villepinte &#8211; Parc des Expositions<\/li><li>Paris &#8211; Porte Maillot &#8211; Palais des Congr\u00e8s<\/li><li>Paris &#8211; Porte de Versailles &#8211; Parc des Expositions<\/li><\/ul>\t\t\t\t\t\t\t\t<\/div>\n\t\t\t\t<\/div>\n\t\t\t\t\t<\/div>\n\t\t<\/div>\n\t\t\t\t\t<\/div>\n\t\t<\/section>\n\t\t\t\t<\/div>\n\t\t","protected":false},"excerpt":{"rendered":"<p>Prise de vue photo num\u00e9rique haute r\u00e9solution ARCHITECTES \u2013 EXPOSANTS \u2013 STANDISTES Vous \u00eates standiste, d\u00e9corateur, concepteur, installateur de stand modulableou stand personnalis\u00e9, bureau d&rsquo;\u00e9tude, autre prestataire, organisateur de salon,foire, \u00e9v\u00e9nement. Sp\u00e9cialiste de la prise de vue de stand depuis 1993, je photographievos r\u00e9alisations en salons professionnels, partout en France et vous livredes images en num\u00e9rique haute r\u00e9solution, retouch\u00e9es et optimis\u00e9es pourune utilisation sur tous supports. Je peux photographier la structure de votre stand mais aussi son ambianceet son activit\u00e9 avec vos visiteurs durant l\u2019exposition, une r\u00e9ception cocktailen soir\u00e9e, un photocall, un lancement de produit sur votre stand ou dansles salons d\u2019un h\u00f4tel. Si vous \u00eates exposant, vous pourrez aussi [&hellip;]<\/p>\n","protected":false},"author":6,"featured_media":0,"parent":0,"menu_order":0,"comment_status":"closed","ping_status":"closed","template":"","meta":{"_monsterinsights_skip_tracking":false,"_monsterinsights_sitenote_active":false,"_monsterinsights_sitenote_note":"","_monsterinsights_sitenote_category":0,"footnotes":""},"class_list":["post-3227","page","type-page","status-publish","hentry"],"yoast_head":"<!-- This site is optimized with the Yoast SEO plugin v27.4 - https:\/\/yoast.com\/product\/yoast-seo-wordpress\/ -->\n<title>Galerie Architecture int\u00e9rieure<\/title>\n<meta name=\"robots\" content=\"index, follow, max-snippet:-1, max-image-preview:large, max-video-preview:-1\" \/>\n<link rel=\"canonical\" href=\"https:\/\/photocmb.art\/ja\/galerie-architecture-interieure\/\" \/>\n<meta property=\"og:locale\" content=\"ja_JP\" \/>\n<meta property=\"og:type\" content=\"article\" \/>\n<meta property=\"og:title\" content=\"Galerie Architecture int\u00e9rieure\" \/>\n<meta property=\"og:description\" content=\"Prise de vue photo num\u00e9rique haute r\u00e9solution ARCHITECTES \u2013 EXPOSANTS \u2013 STANDISTES Vous \u00eates standiste, d\u00e9corateur, concepteur, installateur de stand modulableou stand personnalis\u00e9, bureau d&rsquo;\u00e9tude, autre prestataire, organisateur de salon,foire, \u00e9v\u00e9nement. Sp\u00e9cialiste de la prise de vue de stand depuis 1993, je photographievos r\u00e9alisations en salons professionnels, partout en France et vous livredes images en num\u00e9rique haute r\u00e9solution, retouch\u00e9es et optimis\u00e9es pourune utilisation sur tous supports. Je peux photographier la structure de votre stand mais aussi son ambianceet son activit\u00e9 avec vos visiteurs durant l\u2019exposition, une r\u00e9ception cocktailen soir\u00e9e, un photocall, un lancement de produit sur votre stand ou dansles salons d\u2019un h\u00f4tel. Si vous \u00eates exposant, vous pourrez aussi [&hellip;]\" \/>\n<meta property=\"og:url\" content=\"https:\/\/photocmb.art\/ja\/galerie-architecture-interieure\/\" \/>\n<meta property=\"og:site_name\" content=\"McBurnie Communication\" \/>\n<meta property=\"article:modified_time\" content=\"2025-01-11T08:46:15+00:00\" \/>\n<meta property=\"og:image\" content=\"https:\/\/photocmb.art\/wp-content\/uploads\/2010\/03\/RUE2012-001.jpg\" \/>\n<meta name=\"twitter:label1\" content=\"\u63a8\u5b9a\u8aad\u307f\u53d6\u308a\u6642\u9593\" \/>\n\t<meta name=\"twitter:data1\" content=\"2\u5206\" \/>\n<script type=\"application\/ld+json\" class=\"yoast-schema-graph\">{\"@context\":\"https:\\\/\\\/schema.org\",\"@graph\":[{\"@type\":\"WebPage\",\"@id\":\"https:\\\/\\\/photocmb.art\\\/galerie-architecture-interieure\\\/\",\"url\":\"https:\\\/\\\/photocmb.art\\\/galerie-architecture-interieure\\\/\",\"name\":\"Galerie Architecture int\u00e9rieure\",\"isPartOf\":{\"@id\":\"https:\\\/\\\/photocmb.art\\\/#website\"},\"primaryImageOfPage\":{\"@id\":\"https:\\\/\\\/photocmb.art\\\/galerie-architecture-interieure\\\/#primaryimage\"},\"image\":{\"@id\":\"https:\\\/\\\/photocmb.art\\\/galerie-architecture-interieure\\\/#primaryimage\"},\"thumbnailUrl\":\"https:\\\/\\\/photocmb.art\\\/wp-content\\\/uploads\\\/2010\\\/03\\\/RUE2012-001.jpg\",\"datePublished\":\"2023-03-28T19:50:24+00:00\",\"dateModified\":\"2025-01-11T08:46:15+00:00\",\"breadcrumb\":{\"@id\":\"https:\\\/\\\/photocmb.art\\\/galerie-architecture-interieure\\\/#breadcrumb\"},\"inLanguage\":\"ja\",\"potentialAction\":[{\"@type\":\"ReadAction\",\"target\":[\"https:\\\/\\\/photocmb.art\\\/galerie-architecture-interieure\\\/\"]}]},{\"@type\":\"ImageObject\",\"inLanguage\":\"ja\",\"@id\":\"https:\\\/\\\/photocmb.art\\\/galerie-architecture-interieure\\\/#primaryimage\",\"url\":\"https:\\\/\\\/photocmb.art\\\/wp-content\\\/uploads\\\/2010\\\/03\\\/RUE2012-001.jpg\",\"contentUrl\":\"https:\\\/\\\/photocmb.art\\\/wp-content\\\/uploads\\\/2010\\\/03\\\/RUE2012-001.jpg\"},{\"@type\":\"BreadcrumbList\",\"@id\":\"https:\\\/\\\/photocmb.art\\\/galerie-architecture-interieure\\\/#breadcrumb\",\"itemListElement\":[{\"@type\":\"ListItem\",\"position\":1,\"name\":\"Accueil\",\"item\":\"https:\\\/\\\/photocmb.art\\\/\"},{\"@type\":\"ListItem\",\"position\":2,\"name\":\"Galerie Architecture int\u00e9rieure\"}]},{\"@type\":\"WebSite\",\"@id\":\"https:\\\/\\\/photocmb.art\\\/#website\",\"url\":\"https:\\\/\\\/photocmb.art\\\/\",\"name\":\"McBurnie Communication\",\"description\":\"Claude MacBurnie... capteur d&#039;\u00e9motions\",\"publisher\":{\"@id\":\"https:\\\/\\\/photocmb.art\\\/#organization\"},\"potentialAction\":[{\"@type\":\"SearchAction\",\"target\":{\"@type\":\"EntryPoint\",\"urlTemplate\":\"https:\\\/\\\/photocmb.art\\\/?s={search_term_string}\"},\"query-input\":{\"@type\":\"PropertyValueSpecification\",\"valueRequired\":true,\"valueName\":\"search_term_string\"}}],\"inLanguage\":\"ja\"},{\"@type\":\"Organization\",\"@id\":\"https:\\\/\\\/photocmb.art\\\/#organization\",\"name\":\"McBurnie Communication\",\"url\":\"https:\\\/\\\/photocmb.art\\\/\",\"logo\":{\"@type\":\"ImageObject\",\"inLanguage\":\"ja\",\"@id\":\"https:\\\/\\\/photocmb.art\\\/#\\\/schema\\\/logo\\\/image\\\/\",\"url\":\"https:\\\/\\\/photocmb.art\\\/wp-content\\\/uploads\\\/2023\\\/03\\\/photocmb-Logo2024-WebTxBlanc_350.png?wsr\",\"contentUrl\":\"https:\\\/\\\/photocmb.art\\\/wp-content\\\/uploads\\\/2023\\\/03\\\/photocmb-Logo2024-WebTxBlanc_350.png?wsr\",\"width\":350,\"height\":140,\"caption\":\"McBurnie Communication\"},\"image\":{\"@id\":\"https:\\\/\\\/photocmb.art\\\/#\\\/schema\\\/logo\\\/image\\\/\"}}]}<\/script>\n<!-- \/ Yoast SEO plugin. -->","yoast_head_json":{"title":"Galerie Architecture int\u00e9rieure","robots":{"index":"index","follow":"follow","max-snippet":"max-snippet:-1","max-image-preview":"max-image-preview:large","max-video-preview":"max-video-preview:-1"},"canonical":"https:\/\/photocmb.art\/ja\/galerie-architecture-interieure\/","og_locale":"ja_JP","og_type":"article","og_title":"Galerie Architecture int\u00e9rieure","og_description":"Prise de vue photo num\u00e9rique haute r\u00e9solution ARCHITECTES \u2013 EXPOSANTS \u2013 STANDISTES Vous \u00eates standiste, d\u00e9corateur, concepteur, installateur de stand modulableou stand personnalis\u00e9, bureau d&rsquo;\u00e9tude, autre prestataire, organisateur de salon,foire, \u00e9v\u00e9nement. Sp\u00e9cialiste de la prise de vue de stand depuis 1993, je photographievos r\u00e9alisations en salons professionnels, partout en France et vous livredes images en num\u00e9rique haute r\u00e9solution, retouch\u00e9es et optimis\u00e9es pourune utilisation sur tous supports. Je peux photographier la structure de votre stand mais aussi son ambianceet son activit\u00e9 avec vos visiteurs durant l\u2019exposition, une r\u00e9ception cocktailen soir\u00e9e, un photocall, un lancement de produit sur votre stand ou dansles salons d\u2019un h\u00f4tel. Si vous \u00eates exposant, vous pourrez aussi [&hellip;]","og_url":"https:\/\/photocmb.art\/ja\/galerie-architecture-interieure\/","og_site_name":"McBurnie Communication","article_modified_time":"2025-01-11T08:46:15+00:00","og_image":[{"url":"https:\/\/photocmb.art\/wp-content\/uploads\/2010\/03\/RUE2012-001.jpg","type":"","width":"","height":""}],"twitter_misc":{"\u63a8\u5b9a\u8aad\u307f\u53d6\u308a\u6642\u9593":"2\u5206"},"schema":{"@context":"https:\/\/schema.org","@graph":[{"@type":"WebPage","@id":"https:\/\/photocmb.art\/galerie-architecture-interieure\/","url":"https:\/\/photocmb.art\/galerie-architecture-interieure\/","name":"Galerie Architecture int\u00e9rieure","isPartOf":{"@id":"https:\/\/photocmb.art\/#website"},"primaryImageOfPage":{"@id":"https:\/\/photocmb.art\/galerie-architecture-interieure\/#primaryimage"},"image":{"@id":"https:\/\/photocmb.art\/galerie-architecture-interieure\/#primaryimage"},"thumbnailUrl":"https:\/\/photocmb.art\/wp-content\/uploads\/2010\/03\/RUE2012-001.jpg","datePublished":"2023-03-28T19:50:24+00:00","dateModified":"2025-01-11T08:46:15+00:00","breadcrumb":{"@id":"https:\/\/photocmb.art\/galerie-architecture-interieure\/#breadcrumb"},"inLanguage":"ja","potentialAction":[{"@type":"ReadAction","target":["https:\/\/photocmb.art\/galerie-architecture-interieure\/"]}]},{"@type":"ImageObject","inLanguage":"ja","@id":"https:\/\/photocmb.art\/galerie-architecture-interieure\/#primaryimage","url":"https:\/\/photocmb.art\/wp-content\/uploads\/2010\/03\/RUE2012-001.jpg","contentUrl":"https:\/\/photocmb.art\/wp-content\/uploads\/2010\/03\/RUE2012-001.jpg"},{"@type":"BreadcrumbList","@id":"https:\/\/photocmb.art\/galerie-architecture-interieure\/#breadcrumb","itemListElement":[{"@type":"ListItem","position":1,"name":"Accueil","item":"https:\/\/photocmb.art\/"},{"@type":"ListItem","position":2,"name":"Galerie Architecture int\u00e9rieure"}]},{"@type":"WebSite","@id":"https:\/\/photocmb.art\/#website","url":"https:\/\/photocmb.art\/","name":"McBurnie Communication","description":"Claude MacBurnie... capteur d&#039;\u00e9motions","publisher":{"@id":"https:\/\/photocmb.art\/#organization"},"potentialAction":[{"@type":"SearchAction","target":{"@type":"EntryPoint","urlTemplate":"https:\/\/photocmb.art\/?s={search_term_string}"},"query-input":{"@type":"PropertyValueSpecification","valueRequired":true,"valueName":"search_term_string"}}],"inLanguage":"ja"},{"@type":"Organization","@id":"https:\/\/photocmb.art\/#organization","name":"McBurnie Communication","url":"https:\/\/photocmb.art\/","logo":{"@type":"ImageObject","inLanguage":"ja","@id":"https:\/\/photocmb.art\/#\/schema\/logo\/image\/","url":"https:\/\/photocmb.art\/wp-content\/uploads\/2023\/03\/photocmb-Logo2024-WebTxBlanc_350.png?wsr","contentUrl":"https:\/\/photocmb.art\/wp-content\/uploads\/2023\/03\/photocmb-Logo2024-WebTxBlanc_350.png?wsr","width":350,"height":140,"caption":"McBurnie Communication"},"image":{"@id":"https:\/\/photocmb.art\/#\/schema\/logo\/image\/"}}]}},"_links":{"self":[{"href":"https:\/\/photocmb.art\/ja\/wp-json\/wp\/v2\/pages\/3227","targetHints":{"allow":["GET"]}}],"collection":[{"href":"https:\/\/photocmb.art\/ja\/wp-json\/wp\/v2\/pages"}],"about":[{"href":"https:\/\/photocmb.art\/ja\/wp-json\/wp\/v2\/types\/page"}],"author":[{"embeddable":true,"href":"https:\/\/photocmb.art\/ja\/wp-json\/wp\/v2\/users\/6"}],"replies":[{"embeddable":true,"href":"https:\/\/photocmb.art\/ja\/wp-json\/wp\/v2\/comments?post=3227"}],"version-history":[{"count":90,"href":"https:\/\/photocmb.art\/ja\/wp-json\/wp\/v2\/pages\/3227\/revisions"}],"predecessor-version":[{"id":6085,"href":"https:\/\/photocmb.art\/ja\/wp-json\/wp\/v2\/pages\/3227\/revisions\/6085"}],"wp:attachment":[{"href":"https:\/\/photocmb.art\/ja\/wp-json\/wp\/v2\/media?parent=3227"}],"curies":[{"name":"wp","href":"https:\/\/api.w.org\/{rel}","templated":true}]}}